{"id":35,"date":"2019-07-11T22:21:39","date_gmt":"2019-07-11T22:21:39","guid":{"rendered":"http:\/\/solidarisches-magdeburg.org\/?page_id=35"},"modified":"2022-01-11T11:32:04","modified_gmt":"2022-01-11T11:32:04","slug":"selbstverstaendnis","status":"publish","type":"page","link":"http:\/\/solidarisches-magdeburg.org\/?page_id=35","title":{"rendered":"Selbstverst\u00e4ndnis"},"content":{"rendered":"\n<p>Auch wenn die B\u00fcndnispartner nicht alle Positionen 100%-ig der anderen beteiligten Organisationen teilen, stimmen wir mit gro\u00dfer \u00dcberzeugung dem nachstehenden Selbstverst\u00e4ndnis zu:<\/p>\n\n\n\n<p><strong>Selbstverst\u00e4ndnis des B\u00fcndnis \u201eSolidarisches Magdeburg\u201c<\/strong><\/p>\n\n\n\n<blockquote class=\"wp-block-quote is-layout-flow wp-block-quote-is-layout-flow\"><p>Das B\u00fcndnis \u201eSolidarisches Magdeburg\u201c ist ein Zusammenschluss von Vereinen, Parteien, Jugendverb\u00e4nden, Gewerkschaften und Einzelpersonen. Wir kommen aus verschiedenen politischen Str\u00f6mungen und communities, glauben an unterschiedliche Dinge und haben diverse Ans\u00e4tze, das gesellschaftlich-politische Leben mitzugestalten. Uns alle eint aber der Wille, gemeinsam f\u00fcr ein Magdeburg der gelebten Solidarit\u00e4t einzutreten, in dem es keinen Platz mehr f\u00fcr Hass und Hetze, f\u00fcr Rassismus, Antisemitismus, Sexismus und jede andere Form der gruppenbezogenen Menschenfeindlichkeit gibt.<\/p><\/blockquote>\n\n\n\n<p>Wir sind in Sorge \u00fcber den Rechtsruck, der sich nicht nur in den Parlamenten und auf der Stra\u00dfe vollzogen hat, sondern vor allem in den K\u00f6pfen unserer Kolleg*innen, unserer Bekannten, unserer Nachbar*innen. Im Bewusstsein der Einzigartigkeit und der Gleichwertigkeit eines jeden Menschen treten wir f\u00fcr eine offene, demokratische Stadtgesellschaft ein, die ein Leben in Frieden und Sicherheit f\u00fcr alle Generationen, frei von Diskriminierung, Hass und Gewalt erm\u00f6glicht.<\/p>\n\n\n\n<p>Wir \u00fcben konkrete Solidarit\u00e4t, wenn Menschen im Alltag oder strukturell aufgrund menschenverachtender Einstellungen diskriminiert, bedroht und angegriffen werden, aufgrund ihres antifaschistischen Engagements Kriminalisierung erfahren oder von rechtem Terror betroffen sind.<\/p>\n\n\n\n<p>Wir kl\u00e4ren durch Bildungsveranstaltungen, Workshops oder Podiumsdiskussionen \u00fcber menschenfeindliche Umtriebe, deren Ursachen und Ideologien auf. Politische Bildung ist ein zentrales Element unserer Arbeit.<\/p>\n\n\n\n<p>Wir vernetzen uns mit anderen B\u00fcndnissen und Initiativen, regional wie \u00fcberregional, um uns gegenseitig zu unterst\u00fctzen.<\/p>\n\n\n\n<p>Wir nehmen rechten Agitator*innen den Raum, wenn sie versuchen, ihren Hass auf Magdeburgs Stra\u00dfen zu tragen.<\/p>\n\n\n\n<p>Wir sch\u00e4tzen die Pluralit\u00e4t der Aktionsformen und erkennen in ihr den erfolgreichsten Ansatz im Umgang mit rechten Manifestationen. Als B\u00fcndnis aus diversen Akteur*innen begegnen wir uns mit Wertsch\u00e4tzung, Respekt und betonen vor allem unsere Gemeinsamkeiten.<\/p>\n\n\n\n<p>Deshalb schlie\u00dfen wir uns zusammen, um gemeinsam f\u00fcr unser Ziel zu k\u00e4mpfen: Ein solidarisches Magdeburg!<\/p>\n\n\n\n<p><em>Beschlossen auf der 1. Mitgliedervollversammlung am 22. Mai 2019<\/em><\/p>\n","protected":false},"excerpt":{"rendered":"<p>Auch wenn die B\u00fcndnispartner nicht alle Positionen 100%-ig der anderen beteiligten Organisationen teilen, stimmen wir mit gro\u00dfer \u00dcberzeugung dem nachstehenden Selbstverst\u00e4ndnis zu: Selbstverst\u00e4ndnis des B\u00fcndnis \u201eSolidarisches Magdeburg\u201c Das B\u00fcndnis \u201eSolidarisches Magdeburg\u201c ist ein Zusammenschluss von Vereinen, Parteien, Jugendverb\u00e4nden, Gewerkschaften und Einzelpersonen. Wir kommen aus verschiedenen politischen Str\u00f6mungen und communities, glauben an unterschiedliche Dinge und haben &hellip; <\/p>\n<p class=\"link-more\"><a href=\"http:\/\/solidarisches-magdeburg.org\/?page_id=35\" class=\"more-link\"><span class=\"screen-reader-text\">\u201eSelbstverst\u00e4ndnis\u201c<\/span> weiterlesen<\/a><\/p>\n","protected":false},"author":1,"featured_media":0,"parent":0,"menu_order":0,"comment_status":"closed","ping_status":"closed","template":"","meta":{"footnotes":""},"class_list":["post-35","page","type-page","status-publish","hentry"],"_links":{"self":[{"href":"http:\/\/solidarisches-magdeburg.org\/index.php?rest_route=\/wp\/v2\/pages\/35","targetHints":{"allow":["GET"]}}],"collection":[{"href":"http:\/\/solidarisches-magdeburg.org\/index.php?rest_route=\/wp\/v2\/pages"}],"about":[{"href":"http:\/\/solidarisches-magdeburg.org\/index.php?rest_route=\/wp\/v2\/types\/page"}],"author":[{"embeddable":true,"href":"http:\/\/solidarisches-magdeburg.org\/index.php?rest_route=\/wp\/v2\/users\/1"}],"replies":[{"embeddable":true,"href":"http:\/\/solidarisches-magdeburg.org\/index.php?rest_route=%2Fwp%2Fv2%2Fcomments&post=35"}],"version-history":[{"count":2,"href":"http:\/\/solidarisches-magdeburg.org\/index.php?rest_route=\/wp\/v2\/pages\/35\/revisions"}],"predecessor-version":[{"id":175,"href":"http:\/\/solidarisches-magdeburg.org\/index.php?rest_route=\/wp\/v2\/pages\/35\/revisions\/175"}],"wp:attachment":[{"href":"http:\/\/solidarisches-magdeburg.org\/index.php?rest_route=%2Fwp%2Fv2%2Fmedia&parent=35"}],"curies":[{"name":"wp","href":"https:\/\/api.w.org\/{rel}","templated":true}]}}