{"id":43,"date":"2019-07-11T22:36:31","date_gmt":"2019-07-11T22:36:31","guid":{"rendered":"http:\/\/solidarisches-magdeburg.org\/?page_id=43"},"modified":"2026-01-21T22:01:43","modified_gmt":"2026-01-21T22:01:43","slug":"presse","status":"publish","type":"page","link":"http:\/\/solidarisches-magdeburg.org\/?page_id=43","title":{"rendered":"Presse"},"content":{"rendered":"\n<p>Hier sammeln wir Pressebeitr\u00e4ge und ver\u00f6ffentlichen eigene Pressemitteilungen:<\/p>\n\n\n<div\n\t\t\t\n\t\t\tclass=\"so-widget-sow-accordion so-widget-sow-accordion-default-2f2517589641\"\n\t\t\t\n\t\t><div>\n\t<div class=\"sow-accordion\">\n\t\t\t<div class=\"sow-accordion-panel sow-accordion-panel-open\"\n\t\t\t data-anchor-id=\"18-01-2026-pressemitteilung-aktionstag-%e2%80%9ekein-platz-f%c3%bcr-ausgrenzung-%e2%80%93-magdeburg-bleibt-weltoffen%e2%80%9c\">\n\t\t\t\t<div class=\"sow-accordion-panel-header-container\" role=\"heading\" aria-level=\"2\">\n\t\t\t\t\t<div class=\"sow-accordion-panel-header\" tabindex=\"0\" role=\"button\" id=\"accordion-label-18-01-2026-pressemitteilung-aktionstag-%e2%80%9ekein-platz-f%c3%bcr-ausgrenzung-%e2%80%93-magdeburg-bleibt-weltoffen%e2%80%9c\" aria-controls=\"accordion-content-18-01-2026-pressemitteilung-aktionstag-%e2%80%9ekein-platz-f%c3%bcr-ausgrenzung-%e2%80%93-magdeburg-bleibt-weltoffen%e2%80%9c\" aria-expanded=\"true\">\n\t\t\t\t\t\t<div class=\"sow-accordion-title sow-accordion-title-icon-left\">\n\t\t\t\t\t\t\t\t\t\t\t\t\t\t18.01.2026 &#8211; Pressemitteilung: Aktionstag \u201eKein Platz f\u00fcr Ausgrenzung \u2013 Magdeburg bleibt weltoffen!\u201c\t\t\t\t\t\t\t\t\t\t\t\t\t<\/div>\n\t\t\t\t\t\t<div class=\"sow-accordion-open-close-button\">\n\t\t\t\t\t\t\t<div class=\"sow-accordion-open-button\">\n\t\t\t\t\t\t\t\t<span class=\"sow-icon-ionicons\" data-sow-icon=\"&#xf218;\"\n\t\t \n\t\taria-hidden=\"true\"><\/span>\t\t\t\t\t\t\t<\/div>\n\t\t\t\t\t\t\t<div class=\"sow-accordion-close-button\">\n\t\t\t\t\t\t\t\t<span class=\"sow-icon-ionicons\" data-sow-icon=\"&#xf209;\"\n\t\t \n\t\taria-hidden=\"true\"><\/span>\t\t\t\t\t\t\t<\/div>\n\t\t\t\t\t\t<\/div>\n\t\t\t\t\t<\/div>\n\t\t\t\t<\/div>\n\n\t\t\t<div\n\t\t\t\tclass=\"sow-accordion-panel-content\"\n\t\t\t\trole=\"region\"\n\t\t\t\taria-labelledby=\"accordion-label-18-01-2026-pressemitteilung-aktionstag-%e2%80%9ekein-platz-f%c3%bcr-ausgrenzung-%e2%80%93-magdeburg-bleibt-weltoffen%e2%80%9c\"\n\t\t\t\tid=\"accordion-content-18-01-2026-pressemitteilung-aktionstag-%e2%80%9ekein-platz-f%c3%bcr-ausgrenzung-%e2%80%93-magdeburg-bleibt-weltoffen%e2%80%9c\"\n\t\t\t\t\t\t\t>\n\t\t\t\t<div class=\"sow-accordion-panel-border\">\n\t\t\t\t\t<p><img loading=\"lazy\" decoding=\"async\" class=\"size-medium wp-image-1263 alignleft\" src=\"http:\/\/solidarisches-magdeburg.org\/wp-content\/uploads\/2026\/01\/signal-2026-01-18-221436_005-200x300.jpeg\" alt=\"\" width=\"200\" height=\"300\" srcset=\"http:\/\/solidarisches-magdeburg.org\/wp-content\/uploads\/2026\/01\/signal-2026-01-18-221436_005-200x300.jpeg 200w, http:\/\/solidarisches-magdeburg.org\/wp-content\/uploads\/2026\/01\/signal-2026-01-18-221436_005-682x1024.jpeg 682w, http:\/\/solidarisches-magdeburg.org\/wp-content\/uploads\/2026\/01\/signal-2026-01-18-221436_005-768x1152.jpeg 768w, http:\/\/solidarisches-magdeburg.org\/wp-content\/uploads\/2026\/01\/signal-2026-01-18-221436_005.jpeg 853w\" sizes=\"auto, (max-width: 200px) 100vw, 200px\" \/>Am 17.1.2026 lud das Solidarische Magdeburg zu einem vielf\u00e4ltigen Aktionstag ein unter dem Motto \u201eKein Platz f\u00fcr Ausgrenzung \u2013 Magdeburg bleibt weltoffen!\u201c<br \/>Bei den 27 Aktionen an den verschiedensten Orten der Stadt nahmen gut 1000 Menschen teil. Es begann mit einer Auftaktkundgebung des Solidarischen Magdeburg auf dem Willy-Brandt-Platz mit Redebeitr\u00e4gen zivilgesellschaftlicher Gruppen, kulturellen Beitr\u00e4gen der Hengstmann Br\u00fcder und von K\u00fcnstler:innen des Puppentheaters. Zum Tanzen lud die Trommelmusik der Gruppe \u201eRhythms of Resistance\u201c ein, deren TeilnehmerInnen aus Braunschweig, Halle, Leipzig, Dresden, Erlangen und N\u00fcrnberg angereist waren.<\/p>\n<p>Auf dem Alten Markt hatte das Weltoffene Magdeburg eine Bannergalerie mit Botschaften f\u00fcr eine vielf\u00e4ltige, demokratische und tolerante Gesellschaft aufgebaut. Des weiteren gab es Stadtteilfeste der Gemeinwesen-Arbeitsgruppen in Buckau und Sudenburg, eine Kundgebung der Verdi-Jugend vor dem Neust\u00e4dter Bahnhof und der Seebr\u00fccke auf dem Hasselbachplatz, Mahnwachen vor dem Dom, vor der Johanniskirche, am Synagogen-Denkmal und auf dem Nicolaiplatz. Die Kirchengemeinden in Stadtfeld luden zu einem Friedensweg von der Paulus- zur Matth\u00e4usgemeinde ein. In der Innenstadt gab es einen Interreligi\u00f6ser Weg der verschiedenen Religionsgemeinschaften von der St. Petri-Kirche \u00fcber verschiedene Stationen, vorbei an der Neuen Synagoge und dem Synagogenmahnmal zum Dom und zu St. Sebastian. Der CSD lud zu einem Podium mit dem Thema \u201eW\u00e4hl Liebe\u201c ein und zum Abschluss des Tages fand die traditionelle \u201eBlock Party\u201c im HOT statt.<br \/>Der Aktionstag war ein starkes Zeichen der Magdeburger Zivilgesellschaft f\u00fcr Vielfalt, Weltoffenheit und Toleranz.<\/p>\n<p><img loading=\"lazy\" decoding=\"async\" class=\"alignnone size-medium wp-image-1262\" src=\"http:\/\/solidarisches-magdeburg.org\/wp-content\/uploads\/2026\/01\/signal-2026-01-18-221436_004-200x300.jpeg\" alt=\"\" width=\"200\" height=\"300\" srcset=\"http:\/\/solidarisches-magdeburg.org\/wp-content\/uploads\/2026\/01\/signal-2026-01-18-221436_004-200x300.jpeg 200w, http:\/\/solidarisches-magdeburg.org\/wp-content\/uploads\/2026\/01\/signal-2026-01-18-221436_004-682x1024.jpeg 682w, http:\/\/solidarisches-magdeburg.org\/wp-content\/uploads\/2026\/01\/signal-2026-01-18-221436_004-768x1152.jpeg 768w, http:\/\/solidarisches-magdeburg.org\/wp-content\/uploads\/2026\/01\/signal-2026-01-18-221436_004.jpeg 853w\" sizes=\"auto, (max-width: 200px) 100vw, 200px\" \/> <img loading=\"lazy\" decoding=\"async\" class=\"alignnone size-medium wp-image-1261\" src=\"http:\/\/solidarisches-magdeburg.org\/wp-content\/uploads\/2026\/01\/signal-2026-01-18-221436_003-200x300.jpeg\" alt=\"\" width=\"200\" height=\"300\" srcset=\"http:\/\/solidarisches-magdeburg.org\/wp-content\/uploads\/2026\/01\/signal-2026-01-18-221436_003-200x300.jpeg 200w, http:\/\/solidarisches-magdeburg.org\/wp-content\/uploads\/2026\/01\/signal-2026-01-18-221436_003-682x1024.jpeg 682w, http:\/\/solidarisches-magdeburg.org\/wp-content\/uploads\/2026\/01\/signal-2026-01-18-221436_003-768x1152.jpeg 768w, http:\/\/solidarisches-magdeburg.org\/wp-content\/uploads\/2026\/01\/signal-2026-01-18-221436_003.jpeg 853w\" sizes=\"auto, (max-width: 200px) 100vw, 200px\" \/> <img loading=\"lazy\" decoding=\"async\" class=\"alignnone size-medium wp-image-1260\" src=\"http:\/\/solidarisches-magdeburg.org\/wp-content\/uploads\/2026\/01\/signal-2026-01-18-221436_002-200x300.jpeg\" alt=\"\" width=\"200\" height=\"300\" srcset=\"http:\/\/solidarisches-magdeburg.org\/wp-content\/uploads\/2026\/01\/signal-2026-01-18-221436_002-200x300.jpeg 200w, http:\/\/solidarisches-magdeburg.org\/wp-content\/uploads\/2026\/01\/signal-2026-01-18-221436_002-682x1024.jpeg 682w, http:\/\/solidarisches-magdeburg.org\/wp-content\/uploads\/2026\/01\/signal-2026-01-18-221436_002-768x1152.jpeg 768w, http:\/\/solidarisches-magdeburg.org\/wp-content\/uploads\/2026\/01\/signal-2026-01-18-221436_002.jpeg 853w\" sizes=\"auto, (max-width: 200px) 100vw, 200px\" \/><\/p>\n\t\t\t\t<\/div>\n\t\t\t<\/div>\n\t\t<\/div>\n\t\t\t<div class=\"sow-accordion-panel\"\n\t\t\t data-anchor-id=\"17-01-2026-%e2%80%93-aktionstag-magdeburg-bleibt-weltoffen\">\n\t\t\t\t<div class=\"sow-accordion-panel-header-container\" role=\"heading\" aria-level=\"2\">\n\t\t\t\t\t<div class=\"sow-accordion-panel-header\" tabindex=\"0\" role=\"button\" id=\"accordion-label-17-01-2026-%e2%80%93-aktionstag-magdeburg-bleibt-weltoffen\" aria-controls=\"accordion-content-17-01-2026-%e2%80%93-aktionstag-magdeburg-bleibt-weltoffen\" aria-expanded=\"false\">\n\t\t\t\t\t\t<div class=\"sow-accordion-title sow-accordion-title-icon-left\">\n\t\t\t\t\t\t\t\t\t\t\t\t\t\t17.01.2026 \u2013 Aktionstag: Magdeburg bleibt weltoffen!\t\t\t\t\t\t\t\t\t\t\t\t\t<\/div>\n\t\t\t\t\t\t<div class=\"sow-accordion-open-close-button\">\n\t\t\t\t\t\t\t<div class=\"sow-accordion-open-button\">\n\t\t\t\t\t\t\t\t<span class=\"sow-icon-ionicons\" data-sow-icon=\"&#xf218;\"\n\t\t \n\t\taria-hidden=\"true\"><\/span>\t\t\t\t\t\t\t<\/div>\n\t\t\t\t\t\t\t<div class=\"sow-accordion-close-button\">\n\t\t\t\t\t\t\t\t<span class=\"sow-icon-ionicons\" data-sow-icon=\"&#xf209;\"\n\t\t \n\t\taria-hidden=\"true\"><\/span>\t\t\t\t\t\t\t<\/div>\n\t\t\t\t\t\t<\/div>\n\t\t\t\t\t<\/div>\n\t\t\t\t<\/div>\n\n\t\t\t<div\n\t\t\t\tclass=\"sow-accordion-panel-content\"\n\t\t\t\trole=\"region\"\n\t\t\t\taria-labelledby=\"accordion-label-17-01-2026-%e2%80%93-aktionstag-magdeburg-bleibt-weltoffen\"\n\t\t\t\tid=\"accordion-content-17-01-2026-%e2%80%93-aktionstag-magdeburg-bleibt-weltoffen\"\n\t\t\t\tstyle=\"display: none;\"\t\t\t>\n\t\t\t\t<div class=\"sow-accordion-panel-border\">\n\t\t\t\t\t<strong>Wir stehen zusammen gegen Ausgrenzung, Hass und rechtsextreme Hetze.<\/strong>\n\n<img loading=\"lazy\" decoding=\"async\" class=\"size-medium wp-image-1207 alignleft\" src=\"http:\/\/solidarisches-magdeburg.org\/wp-content\/uploads\/2026\/01\/signal-2026-01-04-113451_002-240x300.jpeg\" alt=\"\" width=\"240\" height=\"300\" srcset=\"http:\/\/solidarisches-magdeburg.org\/wp-content\/uploads\/2026\/01\/signal-2026-01-04-113451_002-240x300.jpeg 240w, http:\/\/solidarisches-magdeburg.org\/wp-content\/uploads\/2026\/01\/signal-2026-01-04-113451_002-819x1024.jpeg 819w, http:\/\/solidarisches-magdeburg.org\/wp-content\/uploads\/2026\/01\/signal-2026-01-04-113451_002-768x960.jpeg 768w, http:\/\/solidarisches-magdeburg.org\/wp-content\/uploads\/2026\/01\/signal-2026-01-04-113451_002.jpeg 1024w\" sizes=\"auto, (max-width: 240px) 100vw, 240px\" \/>Am 16. Januar 1945 wurde Magdeburg infolge des nationalsozialistischen Terrorregimes zu rund 90 % zerst\u00f6rt.\nDiese Geschichte verpflichtet uns \u2013 gerade heute, angesichts zunehmender rechtsextremer Instrumentalisierung und Geschichtsverf\u00e4lschung.\n\nWir gedenken der Opfer von damals und setzen heute ein deutliches Zeichen:\nf\u00fcr Demokratie, Vielfalt und Solidarit\u00e4t.\n\nWarum jetzt?\n\n<img loading=\"lazy\" decoding=\"async\" class=\"size-medium wp-image-1206 alignleft\" src=\"http:\/\/solidarisches-magdeburg.org\/wp-content\/uploads\/2026\/01\/signal-2026-01-04-113451_003-240x300.jpeg\" alt=\"\" width=\"240\" height=\"300\" srcset=\"http:\/\/solidarisches-magdeburg.org\/wp-content\/uploads\/2026\/01\/signal-2026-01-04-113451_003-240x300.jpeg 240w, http:\/\/solidarisches-magdeburg.org\/wp-content\/uploads\/2026\/01\/signal-2026-01-04-113451_003-819x1024.jpeg 819w, http:\/\/solidarisches-magdeburg.org\/wp-content\/uploads\/2026\/01\/signal-2026-01-04-113451_003-768x960.jpeg 768w, http:\/\/solidarisches-magdeburg.org\/wp-content\/uploads\/2026\/01\/signal-2026-01-04-113451_003.jpeg 1024w\" sizes=\"auto, (max-width: 240px) 100vw, 240px\" \/>Am 6. September 2026 wird in Sachsen-Anhalt ein neuer Landtag gew\u00e4hlt.\nDie AfD strebt den Posten des Ministerpr\u00e4sidenten an \u2013 ein reales Risiko.\n\nWir wollen keine Regierung, die Geschichte relativiert, Verantwortung verdreht und Ausgrenzung normalisiert.\n\nUnser Zeichen\n\nMit friedlichen Aktionen, Mahnwachen, kreativen Kundgebungen und Kunst zeigen wir:\n\nMagdeburg steht f\u00fcr Zusammenhalt.\nSachsen-Anhalt steht f\u00fcr Vielfalt und eine demokratische Zukunft.\n\nMach mit!\n\nBring Banner, Schilder und deine Stimme mit.\n\nZeig Haltung \u2013 auch wenn es arschkalt ist.\nDemokratie kennt kein Thermometer.\n\n&nbsp;\n<table border=\"0\" width=\"646\" cellspacing=\"0\" cellpadding=\"2\">\n<tbody>\n<tr>\n<td width=\"38\"><\/td>\n<td width=\"184\"><b>Ort\nAkteure <\/b><\/td>\n<td width=\"150\"><b>Uhrzeit<\/b><\/td>\n<td valign=\"TOP\" width=\"259\"><b>Inhalt<\/b><\/td>\n<\/tr>\n<tr>\n<td width=\"38\">1)<\/td>\n<td width=\"184\"><strong>Willy-Brandt-Platz<\/strong>\n\n<em>Solidarisches Magdeburg<\/em><\/td>\n<td width=\"150\">11-21 Uhr<\/td>\n<td width=\"259\">Kundgebung: Kein Platz f\u00fcr Ausgrenzung \u2013 Magdeburg bleibt weltoffen<\/td>\n<\/tr>\n<tr>\n<td width=\"38\">2)<\/td>\n<td width=\"184\"><b>K\u00f6lner Platz <\/b>\n\n<i>JUSOS<\/i><\/td>\n<td width=\"150\">10-18 Uhr<\/td>\n<td width=\"259\">Mahnwache\/Kundgebung<\/td>\n<\/tr>\n<tr>\n<td width=\"38\">3)<\/td>\n<td width=\"184\"><b>Adenauer Platz<\/b>\n\n<i>Die Linke<\/i><\/td>\n<td width=\"150\">10-18 Uhr<\/td>\n<td width=\"259\">Mahnwache\/Kundgebung<\/td>\n<\/tr>\n<tr>\n<td width=\"38\">4)<\/td>\n<td width=\"184\"><strong>Bahnhof Buckau<\/strong>\n<em>GWA Buckau<\/em><\/td>\n<td width=\"150\">12-18 Uhr<\/td>\n<td width=\"259\">Bunter Bahnhof Buckau<\/td>\n<\/tr>\n<tr>\n<td width=\"38\">5)<\/td>\n<td width=\"184\"><strong>Bahnhof Sudenburg<\/strong>\n<em>GWA Sudenburg<\/em><\/td>\n<td width=\"150\">11-17 Uhr<\/td>\n<td width=\"259\">Fest f\u00fcr Demokratie<\/td>\n<\/tr>\n<tr>\n<td width=\"38\">6)<\/td>\n<td width=\"184\"><strong>Ambrosiusplatz<\/strong>\n<em>GWA Sudenburg<\/em><\/td>\n<td width=\"150\">11-17 Uhr<\/td>\n<td width=\"259\">Fest f\u00fcr Demokratie<\/td>\n<\/tr>\n<tr>\n<td width=\"38\">7)<\/td>\n<td width=\"184\"><strong>Hasselbachplatz<\/strong>\n\n<em>Seebr\u00fccke<\/em><\/td>\n<td width=\"150\">11-18 Uhr<\/td>\n<td width=\"259\">Mahnwache mit Versorgungsstand<\/td>\n<\/tr>\n<tr>\n<td width=\"38\">8)<\/td>\n<td width=\"184\"><b>Bahnhof Neustadt<\/b>\n\n<i>Verdi Jugend<\/i><\/td>\n<td width=\"150\">11-20 Uhr<\/td>\n<td width=\"259\">Kundgebung<\/td>\n<\/tr>\n<tr>\n<td width=\"38\">9)<\/td>\n<td width=\"184\"><b>Bahnhof Herrenkrug<\/b>\n\n<i>Vitopia<\/i><\/td>\n<td width=\"150\">13:30 bis 16:30 Uhr<\/td>\n<td width=\"259\">Mahnwache<\/td>\n<\/tr>\n<tr>\n<td width=\"38\">10)<\/td>\n<td width=\"184\"><strong>Domplatz<\/strong>\n<em>Domgemeinde Magdeburg<\/em><\/td>\n<td width=\"150\">10-18 Uhr<\/td>\n<td width=\"259\">Mahnwache vor dem Dom<\/td>\n<\/tr>\n<tr>\n<td width=\"38\">11)<\/td>\n<td width=\"184\"><strong>Allee-Center-Kreuzung<\/strong>\n<em>CSD e.V.<\/em><\/td>\n<td width=\"150\">17-19 Uhr<\/td>\n<td width=\"259\">W\u00e4hl Liebe<\/td>\n<\/tr>\n<tr>\n<td width=\"38\">12)<\/td>\n<td width=\"184\"><strong>Nicolaiplatz<\/strong>\n<em>Evangelische St. Nicolai-Gemeinde<\/em><\/td>\n<td width=\"150\">15-18 Uhr<\/td>\n<td width=\"259\">Mahnwache<\/td>\n<\/tr>\n<tr>\n<td width=\"38\">13)<\/td>\n<td width=\"184\"><strong>An der Hauptwache<\/strong>\n<em>GR\u00dcNE Magdeburg<\/em><\/td>\n<td width=\"150\">14-18 Uhr<\/td>\n<td width=\"259\">Kundgebung: Gr\u00fcne f\u00fcr ein Weltoffenes Magdeburg<\/td>\n<\/tr>\n<tr>\n<td width=\"38\">14)<\/td>\n<td width=\"184\"><strong>Alter Markt<\/strong>\n<em>Weltoffenes Magdeburg<\/em><\/td>\n<td width=\"150\">11-19 Uhr<\/td>\n<td width=\"259\">Banner-Ausstellung an Bauz\u00e4unen<\/td>\n<\/tr>\n<tr>\n<td width=\"38\">15)<\/td>\n<td width=\"184\"><strong>Johanniskirche<\/strong>\n<em>Politischer Runder Tisch der Frauen\/OMAS GEGEN RECHTS<\/em><\/td>\n<td width=\"150\">12-18.00 Uhr<\/td>\n<td width=\"259\">Mahnwache am Denkmal der Tr\u00fcmmerfrauen<\/td>\n<\/tr>\n<tr>\n<td width=\"38\">16)<\/td>\n<td width=\"184\"><strong>Stadtfeld, Pauluskirche<\/strong>\n<em>Ev. Kirchspiel Magdeburg West<\/em><\/td>\n<td width=\"150\">15 Uhr<\/td>\n<td width=\"259\">Friedensweg von der Paulusgemeinde zur Matth\u00e4usgemeinde<\/td>\n<\/tr>\n<tr>\n<td width=\"38\">17)<\/td>\n<td width=\"184\"><strong>Innenstadt, St. Petri Kirche<\/strong>\n\n<i>\u00d6kumenezentrum<\/i><\/td>\n<td width=\"150\">14,30 Uhr (bis ca. 17 Uhr)<\/td>\n<td width=\"259\">Interreligi\u00f6ser Weg von den \u00d6kumenischen H\u00f6fen zu St. Sebastian \u00fcber Johanniskirche, Alter Markt, Neue Synagoge, Synagogen-Denkmal, Dom<\/td>\n<\/tr>\n<tr>\n<td width=\"38\">18)<\/td>\n<td width=\"184\"><strong>Synagogen-Denkmal\/Neue Synagoge<\/strong>\n\n<i>Dt.-Israel. Ges.<\/i><\/td>\n<td width=\"150\">14-16 Uhr<\/td>\n<td width=\"259\">2 Mahnwachen \u201eGegen Antisemitismus \u2013 f\u00fcr Weltoffenheit und Toleranz\u201c<\/td>\n<\/tr>\n<tr>\n<td width=\"38\">19)<\/td>\n<td width=\"184\"><strong>Westfriedhof<\/strong>\n<em>VDC<\/em><\/td>\n<td width=\"150\">11-18 Uhr<\/td>\n<td width=\"259\">Mahnwache<\/td>\n<\/tr>\n<tr>\n<td width=\"38\">20)<\/td>\n<td width=\"184\"><strong>Bhf. Eichenweiler\/<\/strong><strong>Pettenkofer Br\u00fccke<\/strong>\n<em>BI Offene Heide<\/em><\/td>\n<td width=\"150\">12-16 Uhr<\/td>\n<td width=\"259\">Mahnwache<\/td>\n<\/tr>\n<tr>\n<td width=\"38\">21)<\/td>\n<td width=\"184\"><strong>Otto-v.-G. Stra\u00dfe 6\/Gewerkschaftshaus<\/strong>\n<em>DGB<\/em><\/td>\n<td width=\"150\">14-18 Uhr<\/td>\n<td width=\"259\"><a href=\"https:\/\/www.einestadtfueralle.info\/fat-event\/mahnwache-der-gewerkschaften\/?sd=1737208800&amp;ed=1737223200\">Mahnwache der Gewerkschaften f\u00fcr Vielfalt, Solidarit\u00e4t und Demokratie <\/a><\/td>\n<\/tr>\n<tr>\n<td width=\"38\">22)<\/td>\n<td width=\"184\"><strong>Buckau, HOT Alte Bude<\/strong>\n<i>AWO<\/i> (<i>L<\/i><em>andes-jugendwerk &amp; KV)<\/em><\/td>\n<td width=\"150\">ab 19 Uhr<\/td>\n<td width=\"259\">Block Party<\/td>\n<\/tr>\n<tr>\n<td width=\"38\">23)<\/td>\n<td width=\"184\"><strong><b>Mahnmal am Poltelager\/Liebknechtstr.<\/b><\/strong>\n<i>Sekundarschule LebenLernen <\/i><\/td>\n<td width=\"150\">12-16 Uhr<\/td>\n<td width=\"259\">Mahnwache<\/td>\n<\/tr>\n<tr>\n<td width=\"38\">24)<\/td>\n<td width=\"184\"><strong><b>Friedensplatz \/ Breiter Weg<\/b><\/strong>\n<i>Volt Sachsen-Anhalt<\/i><\/td>\n<td width=\"150\">14-17 Uhr<\/td>\n<td width=\"259\">Mahnwache &#8211; Lila statt Braun!<\/td>\n<\/tr>\n<\/tbody>\n<\/table>\nTeile den Aufruf. Bring Freund*innen, Familie und Kolleginnen mit.\n\nGemeinsam f\u00fcr eine gerechte, solidarische Gesellschaft \u2013\nohne Hass und Ausgrenzung.\n\nWir freuen uns auf dich!\nEuer solidarisches Magdeburg\t\t\t\t<\/div>\n\t\t\t<\/div>\n\t\t<\/div>\n\t\t\t<div class=\"sow-accordion-panel\"\n\t\t\t data-anchor-id=\"06-1-2025-aktionstag-gegend-den-rechtsruck-f%c3%bcr-ein-solidarisches-und-demokratisches-magdeburg\">\n\t\t\t\t<div class=\"sow-accordion-panel-header-container\" role=\"heading\" aria-level=\"2\">\n\t\t\t\t\t<div class=\"sow-accordion-panel-header\" tabindex=\"0\" role=\"button\" id=\"accordion-label-06-1-2025-aktionstag-gegend-den-rechtsruck-f%c3%bcr-ein-solidarisches-und-demokratisches-magdeburg\" aria-controls=\"accordion-content-06-1-2025-aktionstag-gegend-den-rechtsruck-f%c3%bcr-ein-solidarisches-und-demokratisches-magdeburg\" aria-expanded=\"false\">\n\t\t\t\t\t\t<div class=\"sow-accordion-title sow-accordion-title-icon-left\">\n\t\t\t\t\t\t\t\t\t\t\t\t\t\t06.1.2025: Aktionstag: Gegend den Rechtsruck &#8211; F\u00fcr ein solidarisches und demokratisches Magdeburg\t\t\t\t\t\t\t\t\t\t\t\t\t<\/div>\n\t\t\t\t\t\t<div class=\"sow-accordion-open-close-button\">\n\t\t\t\t\t\t\t<div class=\"sow-accordion-open-button\">\n\t\t\t\t\t\t\t\t<span class=\"sow-icon-ionicons\" data-sow-icon=\"&#xf218;\"\n\t\t \n\t\taria-hidden=\"true\"><\/span>\t\t\t\t\t\t\t<\/div>\n\t\t\t\t\t\t\t<div class=\"sow-accordion-close-button\">\n\t\t\t\t\t\t\t\t<span class=\"sow-icon-ionicons\" data-sow-icon=\"&#xf209;\"\n\t\t \n\t\taria-hidden=\"true\"><\/span>\t\t\t\t\t\t\t<\/div>\n\t\t\t\t\t\t<\/div>\n\t\t\t\t\t<\/div>\n\t\t\t\t<\/div>\n\n\t\t\t<div\n\t\t\t\tclass=\"sow-accordion-panel-content\"\n\t\t\t\trole=\"region\"\n\t\t\t\taria-labelledby=\"accordion-label-06-1-2025-aktionstag-gegend-den-rechtsruck-f%c3%bcr-ein-solidarisches-und-demokratisches-magdeburg\"\n\t\t\t\tid=\"accordion-content-06-1-2025-aktionstag-gegend-den-rechtsruck-f%c3%bcr-ein-solidarisches-und-demokratisches-magdeburg\"\n\t\t\t\tstyle=\"display: none;\"\t\t\t>\n\t\t\t\t<div class=\"sow-accordion-panel-border\">\n\t\t\t\t\t<p><span class=\"_ap3a _aaco _aacu _aacx _aad7 _aade\" dir=\"auto\"><img loading=\"lazy\" decoding=\"async\" class=\"size-medium wp-image-1096 aligncenter\" src=\"http:\/\/solidarisches-magdeburg.org\/wp-content\/uploads\/2025\/01\/signal-2024-12-09-022212_002-300x169.jpeg\" alt=\"\" width=\"300\" height=\"169\" srcset=\"http:\/\/solidarisches-magdeburg.org\/wp-content\/uploads\/2025\/01\/signal-2024-12-09-022212_002-300x169.jpeg 300w, http:\/\/solidarisches-magdeburg.org\/wp-content\/uploads\/2025\/01\/signal-2024-12-09-022212_002-1024x576.jpeg 1024w, http:\/\/solidarisches-magdeburg.org\/wp-content\/uploads\/2025\/01\/signal-2024-12-09-022212_002-768x432.jpeg 768w, http:\/\/solidarisches-magdeburg.org\/wp-content\/uploads\/2025\/01\/signal-2024-12-09-022212_002-1536x864.jpeg 1536w, http:\/\/solidarisches-magdeburg.org\/wp-content\/uploads\/2025\/01\/signal-2024-12-09-022212_002.jpeg 1920w\" sizes=\"auto, (max-width: 300px) 100vw, 300px\" \/>Am 18. Januar l\u00e4dt das B\u00fcndnis Solidarische Magdeburg zu einem vielf\u00e4ltigen Aktionstag ein, der zeigt: Magdeburg und Sachsen-Anhalt stehen zusammen gegen Hass und Hetze!<\/span><\/p>\n<p><span class=\"_ap3a _aaco _aacu _aacx _aad7 _aade\" dir=\"auto\"><img loading=\"lazy\" decoding=\"async\" class=\"size-medium wp-image-1098 alignleft\" src=\"http:\/\/solidarisches-magdeburg.org\/wp-content\/uploads\/2025\/01\/signal-2024-12-09-022212-211x300.jpeg\" alt=\"\" width=\"211\" height=\"300\" srcset=\"http:\/\/solidarisches-magdeburg.org\/wp-content\/uploads\/2025\/01\/signal-2024-12-09-022212-211x300.jpeg 211w, http:\/\/solidarisches-magdeburg.org\/wp-content\/uploads\/2025\/01\/signal-2024-12-09-022212-721x1024.jpeg 721w, http:\/\/solidarisches-magdeburg.org\/wp-content\/uploads\/2025\/01\/signal-2024-12-09-022212-768x1090.jpeg 768w, http:\/\/solidarisches-magdeburg.org\/wp-content\/uploads\/2025\/01\/signal-2024-12-09-022212-1082x1536.jpeg 1082w, http:\/\/solidarisches-magdeburg.org\/wp-content\/uploads\/2025\/01\/signal-2024-12-09-022212.jpeg 1409w\" sizes=\"auto, (max-width: 211px) 100vw, 211px\" \/>Wir sind alle noch sehr betroffen von dem schrecklichen Anschlag am 20.12. und wollen in unserer Trauer zusammenstehen und uns gegenseitig unterst\u00fctzen. Gleichzeitig wollen wir zum Ausdruck bringen, dass wir eine solidarische Gesellschaft sind, zu der Menschen aller Nationalit\u00e4ten geh\u00f6ren, die in unserer Stadt leben.<br \/>Rechtsextreme Gruppen haben versucht, das Gedenken an die Opfer des Anschlags f\u00fcr ihren Hass und ihre Hetze zu instrumentalisieren. Das lassen wir nicht zu!<br \/>Genauso wenig lassen wir zu, dass rechtsextreme Gruppen immer wieder versuchen, den 16. Januar 1945 umzudeuten. Anl\u00e4sslich der Bombardierung Magdeburgs vor 80 Jahren gedenken wir der Opfer, sehen aber auch die historische Entwicklung, die zu diesem Ereignis gef\u00fchrt hat. Deshalb setzen wir ein Zeichen f\u00fcr Demokratie, Vielfalt und Solidarit\u00e4t! \u270a<\/span><\/p>\n<p>Warum jetzt?<\/p>\n<p>Die Bundestagswahl steht vor der T\u00fcr, und rechte Kr\u00e4fte versuchen, unsere Gesellschaft zu spalten. Wir setzen dagegen unsere Gemeinschaft!<br \/>Die Massendemonstrationen Anfang 2024 gegen die Deportationspl\u00e4ne der extremen Rechten haben gezeigt, dass wir als Gesellschaft zusammenstehen. Jetzt ist es an der Zeit, erneut aktiv zu werden und f\u00fcr eine inklusive, solidarische Zukunft einzutreten.<\/p>\n<p>Wof\u00fcr wir stehen:<br \/>Sachsen-Anhalt ist ein Land des Zusammenhalts.<br \/>Mit friedlichen Mahnwachen, kreativen Kundgebungen und Kunstaktionen verwandeln wir jede Stadt in einen Ort der Solidarit\u00e4t.<\/p>\n<p>Sei dabei und setze ein Zeichen:<\/p>\n<p>18. Januar: Aktionstag f\u00fcr Vielfalt und Demokratie. Bring Banner, Schilder oder einfach dich selbst mit und mach Magdeburg zu einem bunten Ort des Respekts und der Menschlichkeit.<\/p>\n<p>Teile unseren Aufruf:<br \/>Hilf uns, diesen Tag zu einem kraftvollen Statement zu machen. Verbreite die Botschaft und lade Freund*innen, Familie und Kolleg*innen ein. Gemeinsam stehen wir f\u00fcr eine gerechte Gesellschaft, in der Hass keinen Platz hat.<\/p>\n<p align=\"LEFT\">Unsere Veranstaltungen am 18.1.2025:<\/p>\n<table border=\"0\" width=\"506\" cellspacing=\"0\" cellpadding=\"2\">\n<tbody>\n<tr>\n<td width=\"43\">\u00a0<\/td>\n<td width=\"151\">\n<p align=\"CENTER\"><b>Ort<br \/>Veranstaltende<\/b><\/p>\n<\/td>\n<td width=\"94\">\n<p align=\"CENTER\"><b>Uhr<\/b><\/p>\n<p align=\"CENTER\"><b>zeit<\/b><\/p>\n<\/td>\n<td valign=\"TOP\" width=\"201\">\n<p align=\"CENTER\"><b>Inhalt<\/b><\/p>\n<\/td>\n<\/tr>\n<tr>\n<td width=\"43\">\n<p align=\"LEFT\">1)<\/p>\n<\/td>\n<td width=\"151\">\n<p align=\"LEFT\">Willy-Brandt-Platz:<br \/><em>Fridays for Future<\/em><\/p>\n<\/td>\n<td width=\"94\">\n<p align=\"LEFT\">11,30-21 Uhr<\/p>\n<\/td>\n<td width=\"201\">\n<p align=\"LEFT\">Zukunft ohne Faschismus \u2013 Widerstand f\u00fcr\u2019s Leben!<\/p>\n<\/td>\n<\/tr>\n<tr>\n<td width=\"43\">\n<p align=\"LEFT\">2)<\/p>\n<\/td>\n<td width=\"151\">\n<p align=\"LEFT\">K\u00f6lner Platz<\/p>\n<p align=\"LEFT\"><i>JUSOS<\/i><\/p>\n<\/td>\n<td width=\"94\">\n<p align=\"LEFT\">10-18 Uhr<\/p>\n<\/td>\n<td width=\"201\">\n<p align=\"LEFT\">Mahnwache\/Kundgebung<\/p>\n<\/td>\n<\/tr>\n<tr>\n<td width=\"43\">\n<p align=\"LEFT\">3)<\/p>\n<\/td>\n<td width=\"151\">\n<p align=\"LEFT\">Adenauer Platz<\/p>\n<p align=\"LEFT\"><i>Die Linke<\/i><\/p>\n<\/td>\n<td width=\"94\">\n<p align=\"LEFT\">10-18 Uhr<\/p>\n<\/td>\n<td width=\"201\">\n<p align=\"LEFT\">Mahnwache\/Kundgebung<\/p>\n<\/td>\n<\/tr>\n<tr>\n<td width=\"43\">\n<p align=\"LEFT\">4)<\/p>\n<\/td>\n<td width=\"151\">\n<p align=\"LEFT\">Bahnhof Buckau:<br \/><em>GWA Buckau<\/em><\/p>\n<\/td>\n<td width=\"94\">\n<p align=\"LEFT\">12-18 Uhr<\/p>\n<\/td>\n<td width=\"201\">\n<p align=\"LEFT\">Bunter Bahnhof Buckau<\/p>\n<\/td>\n<\/tr>\n<tr>\n<td width=\"43\">\n<p align=\"LEFT\">5)<\/p>\n<\/td>\n<td width=\"151\">\n<p align=\"LEFT\">Bahnhof Sudenburg:<br \/><em>GWA Sudenburg<\/em><\/p>\n<\/td>\n<td width=\"94\">\n<p align=\"LEFT\">12-17 Uhr<\/p>\n<\/td>\n<td width=\"201\">\n<p align=\"LEFT\">Fest f\u00fcr Demokratie<\/p>\n<\/td>\n<\/tr>\n<tr>\n<td width=\"43\">\n<p align=\"LEFT\">6)<\/p>\n<\/td>\n<td width=\"151\">\n<p align=\"LEFT\">Ambrosiusplatz:<br \/><em>GWA Sudenburg<\/em><\/p>\n<\/td>\n<td width=\"94\">\n<p align=\"LEFT\">12-17 Uhr<\/p>\n<\/td>\n<td width=\"201\">\n<p align=\"LEFT\">Fest f\u00fcr Demokratie<\/p>\n<\/td>\n<\/tr>\n<tr>\n<td width=\"43\">\n<p align=\"LEFT\">7)<\/p>\n<\/td>\n<td width=\"151\">\n<p align=\"LEFT\">Bahnhof Hasselbachplatz: <em>Seebr\u00fccke<\/em><\/p>\n<\/td>\n<td width=\"94\">\n<p align=\"LEFT\">11-18 Uhr<\/p>\n<\/td>\n<td width=\"201\">\n<p align=\"LEFT\">Mahnwache<\/p>\n<\/td>\n<\/tr>\n<tr>\n<td width=\"43\">\n<p align=\"LEFT\">8)<\/p>\n<\/td>\n<td width=\"151\">\n<p align=\"LEFT\">Bahnhof Neustadt:<\/p>\n<p align=\"LEFT\"><i>Verdi Jugend<\/i><\/p>\n<\/td>\n<td width=\"94\">\n<p align=\"LEFT\">11-20 Uhr<\/p>\n<\/td>\n<td width=\"201\">\n<p align=\"LEFT\">Kundgebung<\/p>\n<\/td>\n<\/tr>\n<tr>\n<td width=\"43\">\n<p align=\"LEFT\">9)<\/p>\n<\/td>\n<td width=\"151\">\n<p align=\"LEFT\">Bahnhof Herrenkrug<\/p>\n<p align=\"LEFT\"><i>Stura H2<\/i><\/p>\n<\/td>\n<td width=\"94\">\n<p align=\"LEFT\">12-18 Uhr<\/p>\n<\/td>\n<td width=\"201\">\n<p align=\"LEFT\">Mahnwache<\/p>\n<\/td>\n<\/tr>\n<tr>\n<td width=\"43\">\n<p align=\"LEFT\">10)<\/p>\n<\/td>\n<td width=\"151\">\n<p align=\"LEFT\">Domplatz:<br \/><em>Domgemeinde Magdeburg<\/em><\/p>\n<\/td>\n<td width=\"94\">\n<p align=\"LEFT\">10-18 Uhr<\/p>\n<\/td>\n<td width=\"201\">\n<p align=\"LEFT\">Mahnwache vor dem Dom<\/p>\n<\/td>\n<\/tr>\n<tr>\n<td width=\"43\">\n<p align=\"LEFT\">11)<\/p>\n<\/td>\n<td width=\"151\">\n<p align=\"LEFT\">Allee-Center-Kreuzung:<br \/><em>CSD e.V.<\/em><\/p>\n<\/td>\n<td width=\"94\">\n<p align=\"LEFT\">16-20 Uhr<\/p>\n<\/td>\n<td width=\"201\">\n<p align=\"LEFT\">Eine Stadt f\u00fcr Alle unterm Regenbogen<\/p>\n<\/td>\n<\/tr>\n<tr>\n<td width=\"43\">\n<p align=\"LEFT\">12)<\/p>\n<\/td>\n<td width=\"151\">\n<p align=\"LEFT\">Nicolaiplatz:<br \/><em>Evangelische St. Nicolai-Gemeinde<\/em><\/p>\n<\/td>\n<td width=\"94\">\n<p align=\"LEFT\">15-18 Uhr<\/p>\n<\/td>\n<td width=\"201\">\n<p align=\"LEFT\">Mahnwache<\/p>\n<\/td>\n<\/tr>\n<tr>\n<td width=\"43\">\n<p align=\"LEFT\">13)<\/p>\n<\/td>\n<td width=\"151\">\n<p align=\"LEFT\">An der Hauptwache:<br \/><em>GR\u00dcNE Magdeburg<\/em><\/p>\n<\/td>\n<td width=\"94\">\n<p align=\"LEFT\">14-18 Uhr<\/p>\n<\/td>\n<td width=\"201\">\n<p align=\"LEFT\">Kundgebung: Gr\u00fcne f\u00fcr ein Weltoffenes Magdeburg<\/p>\n<\/td>\n<\/tr>\n<tr>\n<td width=\"43\">\n<p align=\"LEFT\">14)<\/p>\n<\/td>\n<td width=\"151\">\n<p align=\"LEFT\">Alter Markt:<br \/><em>Schulen ohne Rassismus<\/em><\/p>\n<\/td>\n<td width=\"94\">\n<p align=\"LEFT\">11-15 Uhr<\/p>\n<\/td>\n<td width=\"201\">\n<p align=\"LEFT\">Schulmeile der Schulen mit Courage und gegen Rassismus<\/p>\n<\/td>\n<\/tr>\n<tr>\n<td width=\"43\">\n<p align=\"LEFT\">15)<\/p>\n<\/td>\n<td width=\"151\">\n<p align=\"LEFT\">Johanniskirche:<br \/><em>Politischer Runder Tisch der Frauen<\/em><\/p>\n<\/td>\n<td width=\"94\">\n<p align=\"LEFT\">14.30-16.00 Uhr<\/p>\n<\/td>\n<td width=\"201\">\n<p align=\"LEFT\">Mahnwache am Denkmal der Tr\u00fcmmerfrauen<\/p>\n<\/td>\n<\/tr>\n<tr>\n<td width=\"43\">\n<p align=\"LEFT\">16)<\/p>\n<\/td>\n<td width=\"151\">\n<p align=\"LEFT\">Stadtfeld, Pauluskirche:<br \/><em>Ev. Kirchspiel Magdeburg West<\/em><\/p>\n<\/td>\n<td width=\"94\">\n<p align=\"LEFT\">15 Uhr<\/p>\n<\/td>\n<td width=\"201\">\n<p align=\"LEFT\">Friedensweg von der Paulusgemeinde zur Matth\u00e4usgemeinde<\/p>\n<\/td>\n<\/tr>\n<tr>\n<td width=\"43\">\n<p align=\"LEFT\">17)<\/p>\n<\/td>\n<td width=\"151\">\n<p align=\"LEFT\">Innenstadt, St. Petri Kirche<\/p>\n<\/td>\n<td width=\"94\">\n<p align=\"LEFT\">15 Uhr<\/p>\n<\/td>\n<td width=\"201\">\n<p align=\"LEFT\">Interreligi\u00f6ser Vers\u00f6hnungsweg von den \u00d6kumenischen H\u00f6fen zu St. Sebastian \u00fcber Johanniskirche, Neue Synagogen, Synagogen-Denkmal, Forum Gestaltung, Dom<\/p>\n<\/td>\n<\/tr>\n<tr>\n<td width=\"43\">\n<p align=\"LEFT\">18)<\/p>\n<\/td>\n<td width=\"151\">\n<p align=\"LEFT\">Synagogen-Denkmal<\/p>\n<p align=\"LEFT\">und Neue Synagoge:<br \/><em>Oldies for Future<\/em><\/p>\n<\/td>\n<td width=\"94\">\n<p align=\"LEFT\">14-16 Uhr<\/p>\n<\/td>\n<td width=\"201\">\n<p align=\"LEFT\">Mahnwache \u201eGegen Antisemitismus \u2013 f\u00fcr Weltoffenheit und Toleranz\u201c<\/p>\n<\/td>\n<\/tr>\n<tr>\n<td width=\"43\">\n<p align=\"LEFT\">19)<\/p>\n<\/td>\n<td width=\"151\">\n<p align=\"LEFT\">Westfriedhof: <em>VCD<\/em><\/p>\n<\/td>\n<td width=\"94\">\n<p align=\"LEFT\">10-18 Uhr<\/p>\n<\/td>\n<td width=\"201\">\n<p align=\"LEFT\">Mahnwache<\/p>\n<\/td>\n<\/tr>\n<tr>\n<td width=\"43\">\n<p align=\"LEFT\">20)<\/p>\n<\/td>\n<td width=\"151\">\n<p align=\"LEFT\">Bhf. Eichenweiler\/<\/p>\n<p align=\"LEFT\">Pettenkofer Br\u00fccke:<br \/><em>BI Offene Heide<\/em><\/p>\n<\/td>\n<td width=\"94\">\n<p align=\"LEFT\">12-16 Uhr<\/p>\n<\/td>\n<td width=\"201\">\n<p align=\"LEFT\">Mahnwache<\/p>\n<\/td>\n<\/tr>\n<tr>\n<td width=\"43\">\n<p align=\"LEFT\">21)<\/p>\n<\/td>\n<td width=\"151\">\n<p align=\"LEFT\">Otto-v.-Guericke Stra\u00dfe 6\/Gewerk- schaftshaus: <em>DGB<\/em><\/p>\n<\/td>\n<td width=\"94\">\n<p align=\"LEFT\">14-18 Uhr<\/p>\n<\/td>\n<td width=\"201\">\n<p align=\"LEFT\"><a href=\"https:\/\/www.einestadtfueralle.info\/fat-event\/mahnwache-der-gewerkschaften\/?sd=1737208800&amp;ed=1737223200\">Mahnwache der Gewerkschaften f\u00fcr Vielfalt, Solidarit\u00e4t und Demokratie <\/a><\/p>\n<\/td>\n<\/tr>\n<tr>\n<td width=\"43\">\n<p align=\"LEFT\">22)<\/p>\n<\/td>\n<td width=\"151\">\n<p align=\"LEFT\">Buckau, HOT Alte Bude:<br \/><em>Landesjugendwerk der AWO\/ AWO KV<\/em><\/p>\n<\/td>\n<td width=\"94\">\n<p align=\"LEFT\">ab 19 Uhr<\/p>\n<\/td>\n<td width=\"201\">\n<p align=\"LEFT\">Block Party<\/p>\n<\/td>\n<\/tr>\n<\/tbody>\n<\/table>\n<p align=\"LEFT\">Hier findet ihr alle Veranstaltungen der Aktionswoche \u201e<a href=\"https:\/\/www.einestadtfueralle.info\/aktionswoche-eine-stadt-fuer-alle\/\">Eine Stadt f\u00fcr Alle<\/a>\u201c, welche vom 16. bis 27.1.2025 stattfinden.<\/p>\n\t\t\t\t<\/div>\n\t\t\t<\/div>\n\t\t<\/div>\n\t\t\t<div class=\"sow-accordion-panel\"\n\t\t\t data-anchor-id=\"02-07-2024-stellungnahme-nach-den-kommunal-und-europawahlen\">\n\t\t\t\t<div class=\"sow-accordion-panel-header-container\" role=\"heading\" aria-level=\"2\">\n\t\t\t\t\t<div class=\"sow-accordion-panel-header\" tabindex=\"0\" role=\"button\" id=\"accordion-label-02-07-2024-stellungnahme-nach-den-kommunal-und-europawahlen\" aria-controls=\"accordion-content-02-07-2024-stellungnahme-nach-den-kommunal-und-europawahlen\" aria-expanded=\"false\">\n\t\t\t\t\t\t<div class=\"sow-accordion-title sow-accordion-title-icon-left\">\n\t\t\t\t\t\t\t\t\t\t\t\t\t\t02.07.2024: Stellungnahme nach den Kommunal- und Europawahlen\t\t\t\t\t\t\t\t\t\t\t\t\t<\/div>\n\t\t\t\t\t\t<div class=\"sow-accordion-open-close-button\">\n\t\t\t\t\t\t\t<div class=\"sow-accordion-open-button\">\n\t\t\t\t\t\t\t\t<span class=\"sow-icon-ionicons\" data-sow-icon=\"&#xf218;\"\n\t\t \n\t\taria-hidden=\"true\"><\/span>\t\t\t\t\t\t\t<\/div>\n\t\t\t\t\t\t\t<div class=\"sow-accordion-close-button\">\n\t\t\t\t\t\t\t\t<span class=\"sow-icon-ionicons\" data-sow-icon=\"&#xf209;\"\n\t\t \n\t\taria-hidden=\"true\"><\/span>\t\t\t\t\t\t\t<\/div>\n\t\t\t\t\t\t<\/div>\n\t\t\t\t\t<\/div>\n\t\t\t\t<\/div>\n\n\t\t\t<div\n\t\t\t\tclass=\"sow-accordion-panel-content\"\n\t\t\t\trole=\"region\"\n\t\t\t\taria-labelledby=\"accordion-label-02-07-2024-stellungnahme-nach-den-kommunal-und-europawahlen\"\n\t\t\t\tid=\"accordion-content-02-07-2024-stellungnahme-nach-den-kommunal-und-europawahlen\"\n\t\t\t\tstyle=\"display: none;\"\t\t\t>\n\t\t\t\t<div class=\"sow-accordion-panel-border\">\n\t\t\t\t\t<p align=\"LEFT\"><img loading=\"lazy\" decoding=\"async\" class=\"size-medium wp-image-1055 alignleft\" src=\"http:\/\/solidarisches-magdeburg.org\/wp-content\/uploads\/2024\/07\/Final_Logo_bleibt_stabil-01-300x200.png\" alt=\"\" width=\"300\" height=\"200\" srcset=\"http:\/\/solidarisches-magdeburg.org\/wp-content\/uploads\/2024\/07\/Final_Logo_bleibt_stabil-01-300x200.png 300w, http:\/\/solidarisches-magdeburg.org\/wp-content\/uploads\/2024\/07\/Final_Logo_bleibt_stabil-01-272x182.png 272w, http:\/\/solidarisches-magdeburg.org\/wp-content\/uploads\/2024\/07\/Final_Logo_bleibt_stabil-01.png 450w\" sizes=\"auto, (max-width: 300px) 100vw, 300px\" \/>Die Wahlergebnisse der Kommunal- und Europawahlen vom 9. Juni 2024 sind schockierend aber nicht \u00fcberraschend.<\/p>\n<p align=\"LEFT\">Die Wanderung von zahlreichen W\u00e4hler*innen in das extrem Rechte Lager erfolgte mit Ansage, auch wenn die Protestbewegung im Fr\u00fchjahr sicherlich viele W\u00e4hler*innen f\u00fcr demokratische Parteien gewinnen konnte. Uns ist bewusst, dass vor allem das Erstarken der AfD in den Kommunalparlamenten den Druck auf die demokratisch-emanzipatorische Zivilgesellschaft, gerade in den Landkreisen Sachsen-Anhalts, erh\u00f6hen wird. Gleichzeitig, auch dies nicht \u00fcberraschend, erleben wir, dass einige Parteien den menschenfeindlichen Forderungen und Narrativen der AfD nach wie vor hinterherrennen, somit den Rechtsruck bef\u00f6rdern, ohne aber davon zu profitieren.\u00a0<\/p>\n<p align=\"LEFT\">Was hei\u00dft das f\u00fcr unsere Arbeit: Jetzt erst recht!<\/p>\n<p align=\"LEFT\">Organisiert Euch! Organisiert euch mit uns! Die Verh\u00e4ltnisse setzen den Einzelnen massiv unter Druck, aber zusammen sind wir stark. Darum laden wir alle Menschen und Organisationen dazu ein, die Arbeit im B\u00fcndnis zu unterst\u00fctzen. Denn es gibt nichts gutes au\u00dfer Mensch tut es. Mit euch werden wir weiterhin f\u00fcr eine solidarische Gesellschaft in Magdeburg und anderswo einstehen!<\/p>\n<p align=\"LEFT\">Unser n\u00e4chstes offenes Vernetzungstreffen wird im August stattfinden. Stay Tuned!<\/p>\n\t\t\t\t<\/div>\n\t\t\t<\/div>\n\t\t<\/div>\n\t\t\t<div class=\"sow-accordion-panel\"\n\t\t\t data-anchor-id=\"09-06-2024-demo-kundgebung-rechte-wellen-brechen\">\n\t\t\t\t<div class=\"sow-accordion-panel-header-container\" role=\"heading\" aria-level=\"2\">\n\t\t\t\t\t<div class=\"sow-accordion-panel-header\" tabindex=\"0\" role=\"button\" id=\"accordion-label-09-06-2024-demo-kundgebung-rechte-wellen-brechen\" aria-controls=\"accordion-content-09-06-2024-demo-kundgebung-rechte-wellen-brechen\" aria-expanded=\"false\">\n\t\t\t\t\t\t<div class=\"sow-accordion-title sow-accordion-title-icon-left\">\n\t\t\t\t\t\t\t\t\t\t\t\t\t\t09.06.2024: Demo &amp; Kundgebung: RECHTE WELLEN BRECHEN!\t\t\t\t\t\t\t\t\t\t\t\t\t<\/div>\n\t\t\t\t\t\t<div class=\"sow-accordion-open-close-button\">\n\t\t\t\t\t\t\t<div class=\"sow-accordion-open-button\">\n\t\t\t\t\t\t\t\t<span class=\"sow-icon-ionicons\" data-sow-icon=\"&#xf218;\"\n\t\t \n\t\taria-hidden=\"true\"><\/span>\t\t\t\t\t\t\t<\/div>\n\t\t\t\t\t\t\t<div class=\"sow-accordion-close-button\">\n\t\t\t\t\t\t\t\t<span class=\"sow-icon-ionicons\" data-sow-icon=\"&#xf209;\"\n\t\t \n\t\taria-hidden=\"true\"><\/span>\t\t\t\t\t\t\t<\/div>\n\t\t\t\t\t\t<\/div>\n\t\t\t\t\t<\/div>\n\t\t\t\t<\/div>\n\n\t\t\t<div\n\t\t\t\tclass=\"sow-accordion-panel-content\"\n\t\t\t\trole=\"region\"\n\t\t\t\taria-labelledby=\"accordion-label-09-06-2024-demo-kundgebung-rechte-wellen-brechen\"\n\t\t\t\tid=\"accordion-content-09-06-2024-demo-kundgebung-rechte-wellen-brechen\"\n\t\t\t\tstyle=\"display: none;\"\t\t\t>\n\t\t\t\t<div class=\"sow-accordion-panel-border\">\n\t\t\t\t\t<div class=\"entry-content\">\n<p class=\"_ap3a _aaco _aacu _aacx _aad7 _aade\" dir=\"auto\"><img loading=\"lazy\" decoding=\"async\" class=\"size-medium wp-image-1035 alignleft\" src=\"http:\/\/solidarisches-magdeburg.org\/wp-content\/uploads\/2024\/05\/Rechte-Wellen-brechen-9.6.2024-1-300x300.jpg\" alt=\"\" width=\"300\" height=\"300\" srcset=\"http:\/\/solidarisches-magdeburg.org\/wp-content\/uploads\/2024\/05\/Rechte-Wellen-brechen-9.6.2024-1-300x300.jpg 300w, http:\/\/solidarisches-magdeburg.org\/wp-content\/uploads\/2024\/05\/Rechte-Wellen-brechen-9.6.2024-1-1024x1024.jpg 1024w, http:\/\/solidarisches-magdeburg.org\/wp-content\/uploads\/2024\/05\/Rechte-Wellen-brechen-9.6.2024-1-150x150.jpg 150w, http:\/\/solidarisches-magdeburg.org\/wp-content\/uploads\/2024\/05\/Rechte-Wellen-brechen-9.6.2024-1-768x768.jpg 768w, http:\/\/solidarisches-magdeburg.org\/wp-content\/uploads\/2024\/05\/Rechte-Wellen-brechen-9.6.2024-1-100x100.jpg 100w, http:\/\/solidarisches-magdeburg.org\/wp-content\/uploads\/2024\/05\/Rechte-Wellen-brechen-9.6.2024-1.jpg 1080w\" sizes=\"auto, (max-width: 300px) 100vw, 300px\" \/>Wir laden dazu ein, am Wahlabend des 9. Juni ein Zeichen f\u00fcr Menschenrechte, Religionsfreiheit, Bildung, freie Kultur, Individualit\u00e4t, Vielfalt, Toleranz und ein friedliches Miteinander \u2013 f\u00fcr eine vielf\u00e4ltige, solidarische, demokratische Gesellschaft zu setzen.<\/p>\n<p>Anlass: Auf dem Alten Markt soll ein vermeintliches \u201eVolksfest\u201c im Rahmen der Kampagne \u201eBlaue Welle\u201c des AfD-nahen, extrem rechten Compact Magazins stattfinden. Das Magazin steht f\u00fcr Verschw\u00f6rungsfantasien, Rechte Hetze gegen zahlreiche gesellschaftliche Gruppen.<\/p>\n<p><img loading=\"lazy\" decoding=\"async\" class=\"size-medium wp-image-1036 alignleft\" src=\"http:\/\/solidarisches-magdeburg.org\/wp-content\/uploads\/2024\/05\/Rechte-Wellen-brechen-9.6.2024-2-300x300.jpg\" alt=\"\" width=\"300\" height=\"300\" srcset=\"http:\/\/solidarisches-magdeburg.org\/wp-content\/uploads\/2024\/05\/Rechte-Wellen-brechen-9.6.2024-2-300x300.jpg 300w, http:\/\/solidarisches-magdeburg.org\/wp-content\/uploads\/2024\/05\/Rechte-Wellen-brechen-9.6.2024-2-1024x1024.jpg 1024w, http:\/\/solidarisches-magdeburg.org\/wp-content\/uploads\/2024\/05\/Rechte-Wellen-brechen-9.6.2024-2-150x150.jpg 150w, http:\/\/solidarisches-magdeburg.org\/wp-content\/uploads\/2024\/05\/Rechte-Wellen-brechen-9.6.2024-2-768x768.jpg 768w, http:\/\/solidarisches-magdeburg.org\/wp-content\/uploads\/2024\/05\/Rechte-Wellen-brechen-9.6.2024-2-100x100.jpg 100w, http:\/\/solidarisches-magdeburg.org\/wp-content\/uploads\/2024\/05\/Rechte-Wellen-brechen-9.6.2024-2.jpg 1080w\" sizes=\"auto, (max-width: 300px) 100vw, 300px\" \/>Wir rufen dazu auf, sich dieser Veranstaltung entgegenzustellen und eine Wand aus Plakaten, Transparenten und Bannern zu formen, zum Schutz der von ihnen verachteten Demokratie und einer bunten Gesellschaft.<\/p>\n<p>.Wir laden alle Gruppen der demokratischen Zivilgesellschaft\u00a0 dazu ein, sich unserer Versammlung anzuschlie\u00dfen. Gemeinsam sind wir ein Wellenbrecher gegen die extreme Rechte.<\/p>\n<p>Und auch du bist eingeladen, am Wahlabend ein friedliches, aber sichtbares Zeichen f\u00fcr Demokratie und Menschlichkeit und gegen die extreme Rechte zu setzen. Bring gerne ein eigenes Plakat mit!<\/p>\n<\/div>\n\t\t\t\t<\/div>\n\t\t\t<\/div>\n\t\t<\/div>\n\t\t\t<div class=\"sow-accordion-panel\"\n\t\t\t data-anchor-id=\"26-04-2024-kundgebung-keine-ruhe-der-afd\">\n\t\t\t\t<div class=\"sow-accordion-panel-header-container\" role=\"heading\" aria-level=\"2\">\n\t\t\t\t\t<div class=\"sow-accordion-panel-header\" tabindex=\"0\" role=\"button\" id=\"accordion-label-26-04-2024-kundgebung-keine-ruhe-der-afd\" aria-controls=\"accordion-content-26-04-2024-kundgebung-keine-ruhe-der-afd\" aria-expanded=\"false\">\n\t\t\t\t\t\t<div class=\"sow-accordion-title sow-accordion-title-icon-left\">\n\t\t\t\t\t\t\t\t\t\t\t\t\t\t26.04.2024: Kundgebung: Keine Ruhe der AfD!\t\t\t\t\t\t\t\t\t\t\t\t\t<\/div>\n\t\t\t\t\t\t<div class=\"sow-accordion-open-close-button\">\n\t\t\t\t\t\t\t<div class=\"sow-accordion-open-button\">\n\t\t\t\t\t\t\t\t<span class=\"sow-icon-ionicons\" data-sow-icon=\"&#xf218;\"\n\t\t \n\t\taria-hidden=\"true\"><\/span>\t\t\t\t\t\t\t<\/div>\n\t\t\t\t\t\t\t<div class=\"sow-accordion-close-button\">\n\t\t\t\t\t\t\t\t<span class=\"sow-icon-ionicons\" data-sow-icon=\"&#xf209;\"\n\t\t \n\t\taria-hidden=\"true\"><\/span>\t\t\t\t\t\t\t<\/div>\n\t\t\t\t\t\t<\/div>\n\t\t\t\t\t<\/div>\n\t\t\t\t<\/div>\n\n\t\t\t<div\n\t\t\t\tclass=\"sow-accordion-panel-content\"\n\t\t\t\trole=\"region\"\n\t\t\t\taria-labelledby=\"accordion-label-26-04-2024-kundgebung-keine-ruhe-der-afd\"\n\t\t\t\tid=\"accordion-content-26-04-2024-kundgebung-keine-ruhe-der-afd\"\n\t\t\t\tstyle=\"display: none;\"\t\t\t>\n\t\t\t\t<div class=\"sow-accordion-panel-border\">\n\t\t\t\t\t<p class=\"_ap3a _aaco _aacu _aacx _aad7 _aade\" dir=\"auto\">Am 26. April l\u00e4dt die AfD-Bundestagsfraktion<br \/>zu einem B\u00fcrgerdialog in Magdeburg, in die\u00a0 Veranstaltungs-Location *halber85* ein.<\/p>\n<p>Die Vertreter*innen der faschistischen AfD (u.a. Maximilian Krah &#8211; Spitzenkandidat zur Europawahl) werden diese Veranstaltung nutzen, um die menschenverachtende Politik zu verbreiten und f\u00fcr Hass und Hetze zu werben.<\/p>\n<p class=\"_ap3a _aaco _aacu _aacx _aad7 _aade\" dir=\"auto\">Gemeinsam stellen wir uns dem entgegen und sagen: KEINE RUHE DER AFD!<br \/>Kommt zu unserer Kundgebung am 26. April, ab 17.00 Uhr.<\/p>\n<p dir=\"auto\"><img loading=\"lazy\" decoding=\"async\" class=\"alignnone size-medium wp-image-1000\" src=\"http:\/\/solidarisches-magdeburg.org\/wp-content\/uploads\/2024\/04\/signal-2024-04-11-151921_004-300x300.jpeg\" alt=\"\" width=\"300\" height=\"300\" srcset=\"http:\/\/solidarisches-magdeburg.org\/wp-content\/uploads\/2024\/04\/signal-2024-04-11-151921_004-300x300.jpeg 300w, http:\/\/solidarisches-magdeburg.org\/wp-content\/uploads\/2024\/04\/signal-2024-04-11-151921_004-1024x1024.jpeg 1024w, http:\/\/solidarisches-magdeburg.org\/wp-content\/uploads\/2024\/04\/signal-2024-04-11-151921_004-150x150.jpeg 150w, http:\/\/solidarisches-magdeburg.org\/wp-content\/uploads\/2024\/04\/signal-2024-04-11-151921_004-768x768.jpeg 768w, http:\/\/solidarisches-magdeburg.org\/wp-content\/uploads\/2024\/04\/signal-2024-04-11-151921_004-100x100.jpeg 100w, http:\/\/solidarisches-magdeburg.org\/wp-content\/uploads\/2024\/04\/signal-2024-04-11-151921_004.jpeg 1080w\" sizes=\"auto, (max-width: 300px) 100vw, 300px\" \/><\/p>\n\t\t\t\t<\/div>\n\t\t\t<\/div>\n\t\t<\/div>\n\t\t\t<div class=\"sow-accordion-panel\"\n\t\t\t data-anchor-id=\"20-03-2024-kundgebung-kein-dialog-mit-faschisten\">\n\t\t\t\t<div class=\"sow-accordion-panel-header-container\" role=\"heading\" aria-level=\"2\">\n\t\t\t\t\t<div class=\"sow-accordion-panel-header\" tabindex=\"0\" role=\"button\" id=\"accordion-label-20-03-2024-kundgebung-kein-dialog-mit-faschisten\" aria-controls=\"accordion-content-20-03-2024-kundgebung-kein-dialog-mit-faschisten\" aria-expanded=\"false\">\n\t\t\t\t\t\t<div class=\"sow-accordion-title sow-accordion-title-icon-left\">\n\t\t\t\t\t\t\t\t\t\t\t\t\t\t20.03.2024: Kundgebung: Kein Dialog mit Faschisten!\t\t\t\t\t\t\t\t\t\t\t\t\t<\/div>\n\t\t\t\t\t\t<div class=\"sow-accordion-open-close-button\">\n\t\t\t\t\t\t\t<div class=\"sow-accordion-open-button\">\n\t\t\t\t\t\t\t\t<span class=\"sow-icon-ionicons\" data-sow-icon=\"&#xf218;\"\n\t\t \n\t\taria-hidden=\"true\"><\/span>\t\t\t\t\t\t\t<\/div>\n\t\t\t\t\t\t\t<div class=\"sow-accordion-close-button\">\n\t\t\t\t\t\t\t\t<span class=\"sow-icon-ionicons\" data-sow-icon=\"&#xf209;\"\n\t\t \n\t\taria-hidden=\"true\"><\/span>\t\t\t\t\t\t\t<\/div>\n\t\t\t\t\t\t<\/div>\n\t\t\t\t\t<\/div>\n\t\t\t\t<\/div>\n\n\t\t\t<div\n\t\t\t\tclass=\"sow-accordion-panel-content\"\n\t\t\t\trole=\"region\"\n\t\t\t\taria-labelledby=\"accordion-label-20-03-2024-kundgebung-kein-dialog-mit-faschisten\"\n\t\t\t\tid=\"accordion-content-20-03-2024-kundgebung-kein-dialog-mit-faschisten\"\n\t\t\t\tstyle=\"display: none;\"\t\t\t>\n\t\t\t\t<div class=\"sow-accordion-panel-border\">\n\t\t\t\t\t<h1 class=\"_ap3a _aaco _aacu _aacx _aad7 _aade\" dir=\"auto\">Am 20. M\u00e4rz l\u00e4dt die AFD &#8211; Landtagsfraktion<br \/>zu einem B\u00fcrgerdialog in Magdeburg, in die Veranstaltungslocation *halber85* ein.<br \/>Unter anderem der Bundesvorsitzende Tino Chrupalla und der <img loading=\"lazy\" decoding=\"async\" class=\"size-medium wp-image-989 alignleft\" src=\"http:\/\/solidarisches-magdeburg.org\/wp-content\/uploads\/2024\/03\/signal-2024-03-16-120912_004-300x300.png\" alt=\"\" width=\"300\" height=\"300\" srcset=\"http:\/\/solidarisches-magdeburg.org\/wp-content\/uploads\/2024\/03\/signal-2024-03-16-120912_004-300x300.png 300w, http:\/\/solidarisches-magdeburg.org\/wp-content\/uploads\/2024\/03\/signal-2024-03-16-120912_004-150x150.png 150w, http:\/\/solidarisches-magdeburg.org\/wp-content\/uploads\/2024\/03\/signal-2024-03-16-120912_004-768x768.png 768w, http:\/\/solidarisches-magdeburg.org\/wp-content\/uploads\/2024\/03\/signal-2024-03-16-120912_004-100x100.png 100w, http:\/\/solidarisches-magdeburg.org\/wp-content\/uploads\/2024\/03\/signal-2024-03-16-120912_004.png 1024w\" sizes=\"auto, (max-width: 300px) 100vw, 300px\" \/>Fraktionsvorsitzende Oliver Kirchner werden diese Veranstaltung nutzen, um die menschenverachtende Politik der AFD zu verbreiten und f\u00fcr Hass und Hetze zu werben.<br \/>Gemeinsam stellen wir <img loading=\"lazy\" decoding=\"async\" class=\"size-medium wp-image-988 alignleft\" src=\"http:\/\/solidarisches-magdeburg.org\/wp-content\/uploads\/2024\/03\/signal-2024-03-16-120912_005-300x169.png\" alt=\"\" width=\"300\" height=\"169\" srcset=\"http:\/\/solidarisches-magdeburg.org\/wp-content\/uploads\/2024\/03\/signal-2024-03-16-120912_005-300x169.png 300w, http:\/\/solidarisches-magdeburg.org\/wp-content\/uploads\/2024\/03\/signal-2024-03-16-120912_005-1024x576.png 1024w, http:\/\/solidarisches-magdeburg.org\/wp-content\/uploads\/2024\/03\/signal-2024-03-16-120912_005-768x432.png 768w, http:\/\/solidarisches-magdeburg.org\/wp-content\/uploads\/2024\/03\/signal-2024-03-16-120912_005-1536x864.png 1536w, http:\/\/solidarisches-magdeburg.org\/wp-content\/uploads\/2024\/03\/signal-2024-03-16-120912_005.png 1600w\" sizes=\"auto, (max-width: 300px) 100vw, 300px\" \/>uns dem entgegen und sagen: Kein Dialog mit Faschisten! Kommt zu unserer Kundgebung am 20. M\u00e4rz, ab 17.00 Uhr.<\/h1>\n<h1 class=\"_ap3a _aaco _aacu _aacx _aad7 _aade\" dir=\"auto\">Am 20. M\u00e4rz l\u00e4dt die AFD &#8211; Landtagsfraktion<br \/>zu einem B\u00fcrgerdialog in Magdeburg, in die Veranstaltungslocation *halber85* ein.<br \/>Unter anderem der Bundesvorsitzende Tino Chrupalla und der <img loading=\"lazy\" decoding=\"async\" class=\"wp-image-989 size-medium alignleft\" src=\"http:\/\/solidarisches-magdeburg.org\/wp-content\/uploads\/2024\/03\/signal-2024-03-16-120912_004-300x300.png\" alt=\"\" width=\"300\" height=\"300\" srcset=\"http:\/\/solidarisches-magdeburg.org\/wp-content\/uploads\/2024\/03\/signal-2024-03-16-120912_004-300x300.png 300w, http:\/\/solidarisches-magdeburg.org\/wp-content\/uploads\/2024\/03\/signal-2024-03-16-120912_004-150x150.png 150w, http:\/\/solidarisches-magdeburg.org\/wp-content\/uploads\/2024\/03\/signal-2024-03-16-120912_004-768x768.png 768w, http:\/\/solidarisches-magdeburg.org\/wp-content\/uploads\/2024\/03\/signal-2024-03-16-120912_004-100x100.png 100w, http:\/\/solidarisches-magdeburg.org\/wp-content\/uploads\/2024\/03\/signal-2024-03-16-120912_004.png 1024w\" sizes=\"auto, (max-width: 300px) 100vw, 300px\" \/>Fraktionsvorsitzende Oliver Kirchner werden diese Veranstaltung nutzen, um die menschenverachtende Politik der AFD zu verbreiten und f\u00fcr Hass und Hetze zu werben.<br \/>Gemeinsam stellen wir <img loading=\"lazy\" decoding=\"async\" class=\"size-medium wp-image-988 alignleft\" src=\"http:\/\/solidarisches-magdeburg.org\/wp-content\/uploads\/2024\/03\/signal-2024-03-16-120912_005-300x169.png\" alt=\"\" width=\"300\" height=\"169\" srcset=\"http:\/\/solidarisches-magdeburg.org\/wp-content\/uploads\/2024\/03\/signal-2024-03-16-120912_005-300x169.png 300w, http:\/\/solidarisches-magdeburg.org\/wp-content\/uploads\/2024\/03\/signal-2024-03-16-120912_005-1024x576.png 1024w, http:\/\/solidarisches-magdeburg.org\/wp-content\/uploads\/2024\/03\/signal-2024-03-16-120912_005-768x432.png 768w, http:\/\/solidarisches-magdeburg.org\/wp-content\/uploads\/2024\/03\/signal-2024-03-16-120912_005-1536x864.png 1536w, http:\/\/solidarisches-magdeburg.org\/wp-content\/uploads\/2024\/03\/signal-2024-03-16-120912_005.png 1600w\" sizes=\"auto, (max-width: 300px) 100vw, 300px\" \/>uns dem entgegen und sagen: Kein Dialog mit Faschisten! Kommt zu unserer Kundgebung am 20. M\u00e4rz, ab 17.00 Uhr.<\/h1>\n\t\t\t\t<\/div>\n\t\t\t<\/div>\n\t\t<\/div>\n\t\t\t<div class=\"sow-accordion-panel\"\n\t\t\t data-anchor-id=\"02-03-2024-kundgebung-kein-raum-f%c3%bcr-die-noafd\">\n\t\t\t\t<div class=\"sow-accordion-panel-header-container\" role=\"heading\" aria-level=\"2\">\n\t\t\t\t\t<div class=\"sow-accordion-panel-header\" tabindex=\"0\" role=\"button\" id=\"accordion-label-02-03-2024-kundgebung-kein-raum-f%c3%bcr-die-noafd\" aria-controls=\"accordion-content-02-03-2024-kundgebung-kein-raum-f%c3%bcr-die-noafd\" aria-expanded=\"false\">\n\t\t\t\t\t\t<div class=\"sow-accordion-title sow-accordion-title-icon-left\">\n\t\t\t\t\t\t\t\t\t\t\t\t\t\t02.03.2024: Kundgebung: Kein Raum f\u00fcr die NoAfD!\t\t\t\t\t\t\t\t\t\t\t\t\t<\/div>\n\t\t\t\t\t\t<div class=\"sow-accordion-open-close-button\">\n\t\t\t\t\t\t\t<div class=\"sow-accordion-open-button\">\n\t\t\t\t\t\t\t\t<span class=\"sow-icon-ionicons\" data-sow-icon=\"&#xf218;\"\n\t\t \n\t\taria-hidden=\"true\"><\/span>\t\t\t\t\t\t\t<\/div>\n\t\t\t\t\t\t\t<div class=\"sow-accordion-close-button\">\n\t\t\t\t\t\t\t\t<span class=\"sow-icon-ionicons\" data-sow-icon=\"&#xf209;\"\n\t\t \n\t\taria-hidden=\"true\"><\/span>\t\t\t\t\t\t\t<\/div>\n\t\t\t\t\t\t<\/div>\n\t\t\t\t\t<\/div>\n\t\t\t\t<\/div>\n\n\t\t\t<div\n\t\t\t\tclass=\"sow-accordion-panel-content\"\n\t\t\t\trole=\"region\"\n\t\t\t\taria-labelledby=\"accordion-label-02-03-2024-kundgebung-kein-raum-f%c3%bcr-die-noafd\"\n\t\t\t\tid=\"accordion-content-02-03-2024-kundgebung-kein-raum-f%c3%bcr-die-noafd\"\n\t\t\t\tstyle=\"display: none;\"\t\t\t>\n\t\t\t\t<div class=\"sow-accordion-panel-border\">\n\t\t\t\t\t<p class=\"_ap3a _aaco _aacu _aacx _aad7 _aade\" dir=\"auto\"><img loading=\"lazy\" decoding=\"async\" class=\"size-medium wp-image-973 alignleft\" src=\"http:\/\/solidarisches-magdeburg.org\/wp-content\/uploads\/2024\/03\/signal-2024-03-02-012229_002-300x300.jpeg\" alt=\"\" width=\"300\" height=\"300\" srcset=\"http:\/\/solidarisches-magdeburg.org\/wp-content\/uploads\/2024\/03\/signal-2024-03-02-012229_002-300x300.jpeg 300w, http:\/\/solidarisches-magdeburg.org\/wp-content\/uploads\/2024\/03\/signal-2024-03-02-012229_002-1024x1024.jpeg 1024w, http:\/\/solidarisches-magdeburg.org\/wp-content\/uploads\/2024\/03\/signal-2024-03-02-012229_002-150x150.jpeg 150w, http:\/\/solidarisches-magdeburg.org\/wp-content\/uploads\/2024\/03\/signal-2024-03-02-012229_002-768x768.jpeg 768w, http:\/\/solidarisches-magdeburg.org\/wp-content\/uploads\/2024\/03\/signal-2024-03-02-012229_002-100x100.jpeg 100w, http:\/\/solidarisches-magdeburg.org\/wp-content\/uploads\/2024\/03\/signal-2024-03-02-012229_002.jpeg 1080w\" sizes=\"auto, (max-width: 300px) 100vw, 300px\" \/><img loading=\"lazy\" decoding=\"async\" class=\"size-medium wp-image-976 alignleft\" src=\"http:\/\/solidarisches-magdeburg.org\/wp-content\/uploads\/2024\/03\/signal-2024-03-02-012229_003-300x300.jpeg\" alt=\"\" width=\"300\" height=\"300\" srcset=\"http:\/\/solidarisches-magdeburg.org\/wp-content\/uploads\/2024\/03\/signal-2024-03-02-012229_003-300x300.jpeg 300w, http:\/\/solidarisches-magdeburg.org\/wp-content\/uploads\/2024\/03\/signal-2024-03-02-012229_003-1024x1024.jpeg 1024w, http:\/\/solidarisches-magdeburg.org\/wp-content\/uploads\/2024\/03\/signal-2024-03-02-012229_003-150x150.jpeg 150w, http:\/\/solidarisches-magdeburg.org\/wp-content\/uploads\/2024\/03\/signal-2024-03-02-012229_003-768x768.jpeg 768w, http:\/\/solidarisches-magdeburg.org\/wp-content\/uploads\/2024\/03\/signal-2024-03-02-012229_003-100x100.jpeg 100w, http:\/\/solidarisches-magdeburg.org\/wp-content\/uploads\/2024\/03\/signal-2024-03-02-012229_003.jpeg 1080w\" sizes=\"auto, (max-width: 300px) 100vw, 300px\" \/>Das B\u00fcndnis Solidarisches Magdeburg, Fridays for Future, die Oldies for Future und die Omas gegen Rechts rufen zu einer Kundgebung am 3.3.2024 um 8 Uhr vor dem AMO-Kulturhaus auf.<\/p>\n<p class=\"_ap3a _aaco _aacu _aacx _aad7 _aade\" dir=\"auto\">Wir protestieren entschieden dagegen, dass die Stadt Magdeburg zum wiederholten Male der vom Verfassungsschutz in Sachsen-Anhalt als erwiesen rechtsextremistisch eingestuften AfD R\u00e4ume vermietet um einen Parteitag abzuhalten.<\/p>\n<p>Die Forderung der Politik nach dem Engagement der B\u00fcrgerinnen und B\u00fcrger f\u00fcr die Demokratie geht ins Leere, wenn seitens der demokratischen und kommunalen Institutionen nicht der Versuch unternommen wird, Organisationen wie der rechtsextremen AfD mit allen zu Geboten stehenden juristischen Mitteln entgegenzutreten.<\/p>\n<p><strong>Wir werden zeigen, dass die AfD mit ihrem rechtsextremen Gedankengut in Magdeburg nicht willkommen ist: Dem Rechtsruck widersetzen \u2013 solidarisch. vielf\u00e4ltig. demokratisch!<\/strong><\/p>\n<p>Hintergrund: Die \u00a0Messe- und Veranstaltungsgesellschaft Magdeburg GmbH stellt der AfD zum wiederholten Male R\u00e4ume f\u00fcr einen Parteitag zur Verf\u00fcgung ohne die \u00d6ffentlichkeit dar\u00fcber zu informieren. Im Wissen, dass es sich bei der AfD um eine rechtsextreme Partei handelt, ist die MVGM aufgefordert, alle M\u00f6glichkeiten zu pr\u00fcfen, der Partei st\u00e4dtische R\u00e4ume zu versagen.<\/p>\n<p>Aus diesen Gr\u00fcnden kritisieren das B\u00fcndnis gegen Rechts und das B\u00fcndnis Solidarisches Magdeburg die Vermietung st\u00e4dtischer R\u00e4ume an die AfD auf Sch\u00e4rfste. Dies ist vor dem Hintergrund der Erkenntnisse der letzten Wochen \u00fcber diese Partei unverst\u00e4ndlich und unverantwortlich. Die AfD wird ihren Landesparteitag dazu nutzen, rechtsextreme und rassistische Inhalte in die \u00d6ffentlichkeit zu tragen und f\u00fcr ihre antidemokratischen Ziele zu werben. Dies kann nicht im Sinne der MVGM und der Landeshauptstadt Magdeburg sein.<\/p>\n\t\t\t\t<\/div>\n\t\t\t<\/div>\n\t\t<\/div>\n\t\t\t<div class=\"sow-accordion-panel\"\n\t\t\t data-anchor-id=\"01-03-2024-keine-st%c3%a4dtischen-r%c3%a4ume-f%c3%bcr-die-rechtsextreme-afd\">\n\t\t\t\t<div class=\"sow-accordion-panel-header-container\" role=\"heading\" aria-level=\"2\">\n\t\t\t\t\t<div class=\"sow-accordion-panel-header\" tabindex=\"0\" role=\"button\" id=\"accordion-label-01-03-2024-keine-st%c3%a4dtischen-r%c3%a4ume-f%c3%bcr-die-rechtsextreme-afd\" aria-controls=\"accordion-content-01-03-2024-keine-st%c3%a4dtischen-r%c3%a4ume-f%c3%bcr-die-rechtsextreme-afd\" aria-expanded=\"false\">\n\t\t\t\t\t\t<div class=\"sow-accordion-title sow-accordion-title-icon-left\">\n\t\t\t\t\t\t\t\t\t\t\t\t\t\t01.03.2024: Keine st\u00e4dtischen R\u00e4ume f\u00fcr die rechtsextreme AfD!\t\t\t\t\t\t\t\t\t\t\t\t\t<\/div>\n\t\t\t\t\t\t<div class=\"sow-accordion-open-close-button\">\n\t\t\t\t\t\t\t<div class=\"sow-accordion-open-button\">\n\t\t\t\t\t\t\t\t<span class=\"sow-icon-ionicons\" data-sow-icon=\"&#xf218;\"\n\t\t \n\t\taria-hidden=\"true\"><\/span>\t\t\t\t\t\t\t<\/div>\n\t\t\t\t\t\t\t<div class=\"sow-accordion-close-button\">\n\t\t\t\t\t\t\t\t<span class=\"sow-icon-ionicons\" data-sow-icon=\"&#xf209;\"\n\t\t \n\t\taria-hidden=\"true\"><\/span>\t\t\t\t\t\t\t<\/div>\n\t\t\t\t\t\t<\/div>\n\t\t\t\t\t<\/div>\n\t\t\t\t<\/div>\n\n\t\t\t<div\n\t\t\t\tclass=\"sow-accordion-panel-content\"\n\t\t\t\trole=\"region\"\n\t\t\t\taria-labelledby=\"accordion-label-01-03-2024-keine-st%c3%a4dtischen-r%c3%a4ume-f%c3%bcr-die-rechtsextreme-afd\"\n\t\t\t\tid=\"accordion-content-01-03-2024-keine-st%c3%a4dtischen-r%c3%a4ume-f%c3%bcr-die-rechtsextreme-afd\"\n\t\t\t\tstyle=\"display: none;\"\t\t\t>\n\t\t\t\t<div class=\"sow-accordion-panel-border\">\n\t\t\t\t\t<p><img loading=\"lazy\" decoding=\"async\" class=\"size-medium wp-image-959 alignleft\" src=\"http:\/\/solidarisches-magdeburg.org\/wp-content\/uploads\/2024\/03\/signal-2024-03-01-144404_002-300x300.png\" alt=\"\" width=\"300\" height=\"300\" srcset=\"http:\/\/solidarisches-magdeburg.org\/wp-content\/uploads\/2024\/03\/signal-2024-03-01-144404_002-300x300.png 300w, http:\/\/solidarisches-magdeburg.org\/wp-content\/uploads\/2024\/03\/signal-2024-03-01-144404_002-1024x1024.png 1024w, http:\/\/solidarisches-magdeburg.org\/wp-content\/uploads\/2024\/03\/signal-2024-03-01-144404_002-150x150.png 150w, http:\/\/solidarisches-magdeburg.org\/wp-content\/uploads\/2024\/03\/signal-2024-03-01-144404_002-768x768.png 768w, http:\/\/solidarisches-magdeburg.org\/wp-content\/uploads\/2024\/03\/signal-2024-03-01-144404_002-100x100.png 100w, http:\/\/solidarisches-magdeburg.org\/wp-content\/uploads\/2024\/03\/signal-2024-03-01-144404_002.png 1080w\" sizes=\"auto, (max-width: 300px) 100vw, 300px\" \/>Stellungnahme des B\u00fcndnis Solidarisches Magdeburg und des B\u00fcndnis gegen Rechts<\/p>\n<p>Das B\u00fcndnis gegen Rechts und das B\u00fcndnis Solidarisches Magdeburg protestieren gegen die Vermietung des AMO-Kulturhauses an die AfD Sachsen-Anhalt f\u00fcr ihren Landesparteitag am 3. M\u00e4rz.<\/p>\n<p align=\"JUSTIFY\">Die Messe- und Veranstaltungsgesellschaft Magdeburg GmbH stellt der AfD zum wiederholten Male R\u00e4ume f\u00fcr einen Parteitag zur Verf\u00fcgung ohne die \u00d6ffentlichkeit dar\u00fcber zu informieren. Im Wissen, dass es sich bei der AfD um eine rechtsextreme Partei handelt, ist die MVGM aufgefordert, alle M\u00f6glichkeiten zu pr\u00fcfen, der Partei st\u00e4dtische R\u00e4ume zu versagen. Die Forderung der Politik nach dem Engagement der B\u00fcrgerinnen und B\u00fcrger f\u00fcr die Demokratie geht ins Leere, wenn seitens der demokratischen und kommunalen Institutionen nicht der Versuch unternommen wird, rechtsextremen Organisationen wie der AfD mit allen zu Geboten stehenden juristischen Mitteln entgegenzutreten.<\/p>\n<p align=\"JUSTIFY\">Aus diesen Gr\u00fcnden kritisieren das B\u00fcndnis gegen Rechts und das B\u00fcndnis Solidarisches Magdeburg die Vermietung st\u00e4dtischer R\u00e4ume an die AfD auf Sch\u00e4rfste. Dies ist vor dem Hintergrund der Erkenntnisse der letzten Wochen \u00fcber diese Partei unverst\u00e4ndlich und unverantwortlich. Die AfD wird ihren Landesparteitag dazu nutzen, rechtsextreme und rassistische Inhalte in die \u00d6ffentlichkeit zu tragen und f\u00fcr ihre antidemokratischen Ziele zu werben. Dies kann nicht im Sinne der MVGM und der Landeshauptstadt Magdeburg sein.<\/p>\n<p align=\"JUSTIFY\">Das B\u00fcndnis \u201eSolidarisches Magdeburg\u201c ist ein Zusammenschluss von Vereinen, Parteien, Jugendverb\u00e4nden, Gewerkschaften und Einzelpersonen. Wir kommen aus verschiedenen politischen Str\u00f6mungen und Communities, glauben an unterschiedliche Dinge und haben diverse Ans\u00e4tze, das gesellschaftlich-politische Leben mitzugestalten. Uns alle eint aber der Wille, gemeinsam f\u00fcr ein Magdeburg der gelebten Solidarit\u00e4t einzutreten, in dem es keinen Platz mehr f\u00fcr Hass und Hetze, f\u00fcr Rassismus, Antisemitismus, Sexismus und jede andere Form der gruppenbezogenen Menschenfeindlichkeit gibt.<\/p>\n\t\t\t\t<\/div>\n\t\t\t<\/div>\n\t\t<\/div>\n\t\t\t<div class=\"sow-accordion-panel\"\n\t\t\t data-anchor-id=\"26-01-2024-stellungnahme-des-b%c3%bcndnis-solidarisches-magdeburg-und-der-omas-gegen-rechts-magdeburg\">\n\t\t\t\t<div class=\"sow-accordion-panel-header-container\" role=\"heading\" aria-level=\"2\">\n\t\t\t\t\t<div class=\"sow-accordion-panel-header\" tabindex=\"0\" role=\"button\" id=\"accordion-label-26-01-2024-stellungnahme-des-b%c3%bcndnis-solidarisches-magdeburg-und-der-omas-gegen-rechts-magdeburg\" aria-controls=\"accordion-content-26-01-2024-stellungnahme-des-b%c3%bcndnis-solidarisches-magdeburg-und-der-omas-gegen-rechts-magdeburg\" aria-expanded=\"false\">\n\t\t\t\t\t\t<div class=\"sow-accordion-title sow-accordion-title-icon-left\">\n\t\t\t\t\t\t\t\t\t\t\t\t\t\t26.01.2024: Stellungnahme des B\u00fcndnis Solidarisches Magdeburg und der OMAS GEGEN RECHTS Magdeburg\t\t\t\t\t\t\t\t\t\t\t\t\t<\/div>\n\t\t\t\t\t\t<div class=\"sow-accordion-open-close-button\">\n\t\t\t\t\t\t\t<div class=\"sow-accordion-open-button\">\n\t\t\t\t\t\t\t\t<span class=\"sow-icon-ionicons\" data-sow-icon=\"&#xf218;\"\n\t\t \n\t\taria-hidden=\"true\"><\/span>\t\t\t\t\t\t\t<\/div>\n\t\t\t\t\t\t\t<div class=\"sow-accordion-close-button\">\n\t\t\t\t\t\t\t\t<span class=\"sow-icon-ionicons\" data-sow-icon=\"&#xf209;\"\n\t\t \n\t\taria-hidden=\"true\"><\/span>\t\t\t\t\t\t\t<\/div>\n\t\t\t\t\t\t<\/div>\n\t\t\t\t\t<\/div>\n\t\t\t\t<\/div>\n\n\t\t\t<div\n\t\t\t\tclass=\"sow-accordion-panel-content\"\n\t\t\t\trole=\"region\"\n\t\t\t\taria-labelledby=\"accordion-label-26-01-2024-stellungnahme-des-b%c3%bcndnis-solidarisches-magdeburg-und-der-omas-gegen-rechts-magdeburg\"\n\t\t\t\tid=\"accordion-content-26-01-2024-stellungnahme-des-b%c3%bcndnis-solidarisches-magdeburg-und-der-omas-gegen-rechts-magdeburg\"\n\t\t\t\tstyle=\"display: none;\"\t\t\t>\n\t\t\t\t<div class=\"sow-accordion-panel-border\">\n\t\t\t\t\t<div class=\"entry-content\">\n<p><img loading=\"lazy\" decoding=\"async\" class=\"size-medium wp-image-935 alignleft\" src=\"http:\/\/solidarisches-magdeburg.org\/wp-content\/uploads\/2024\/01\/Absage-Holocaustgedenkstunde-2024-300x300.jpeg\" alt=\"\" width=\"300\" height=\"300\" srcset=\"http:\/\/solidarisches-magdeburg.org\/wp-content\/uploads\/2024\/01\/Absage-Holocaustgedenkstunde-2024-300x300.jpeg 300w, http:\/\/solidarisches-magdeburg.org\/wp-content\/uploads\/2024\/01\/Absage-Holocaustgedenkstunde-2024-1024x1024.jpeg 1024w, http:\/\/solidarisches-magdeburg.org\/wp-content\/uploads\/2024\/01\/Absage-Holocaustgedenkstunde-2024-150x150.jpeg 150w, http:\/\/solidarisches-magdeburg.org\/wp-content\/uploads\/2024\/01\/Absage-Holocaustgedenkstunde-2024-768x768.jpeg 768w, http:\/\/solidarisches-magdeburg.org\/wp-content\/uploads\/2024\/01\/Absage-Holocaustgedenkstunde-2024-100x100.jpeg 100w, http:\/\/solidarisches-magdeburg.org\/wp-content\/uploads\/2024\/01\/Absage-Holocaustgedenkstunde-2024.jpeg 1080w\" sizes=\"auto, (max-width: 300px) 100vw, 300px\" \/><span class=\"x1lliihq x1plvlek xryxfnj x1n2onr6 x193iq5w xeuugli x1fj9vlw x13faqbe x1vvkbs x1s928wv xhkezso x1gmr53x x1cpjm7i x1fgarty x1943h6x x1i0vuye xvs91rp xo1l8bm x5n08af x10wh9bi x1wdrske x8viiok x18hxmgj\" dir=\"auto\"><span class=\"x193iq5w xeuugli x1fj9vlw x13faqbe x1vvkbs xt0psk2 x1i0vuye xvs91rp xo1l8bm x5n08af x10wh9bi x1wdrske x8viiok x18hxmgj\">Gestern hat der Landtagspr\u00e4sident von Sachsen-Anhalt, Dr. Gunnar Schellenberg (CDU), die Gedenkstunde am 27. Januar, dem Tag der Befreiung des Konzentrationslagers Auschwitz, der seit 2005 Internationaler Tag des Gedenkens an die Opfer des Nationalsozialismus ist, abgesagt \u2013 \u201eaufgrund der angek\u00fcndigten umfangreichen Proteste des Landesbauernverbandes\u201c. Was ist das f\u00fcr ein Signal, das damit von der Landeshauptstadt Magdeburg ausgeht!<\/span><\/span><\/p>\n<p>Jahrelang hat die Polizei Magdeburg bundesweit Polizeikr\u00e4fte angefordert um einen sogenannten \u201eTrauermarsch\u201c der Neonazis zum 16. Januar, dem Tag der Zerst\u00f6rung Magdeburgs, abzusichern \u2013 gegen breite zivilgesellschaftliche Proteste. Und dann ist sie nicht in der Lage eine Gedenkfeier zum 27. Januar, dem Tag des Gedenkens an den Genozid des Nationalsozialismus am j\u00fcdischen Volk, abzusichern.<\/p>\n<p>Dies ist ein eklatantes Versagen der Versammlungsbeh\u00f6rde, die in Magdeburg Teil der Polizeiinspektion ist. Laut Olaf Feuerborn, Vorsitzender des Landesbauernverbandes und Mitglied der CDU-Fraktion, war es der urspr\u00fcngliche Wunsch der Landwirte, auf dem Alten Markt zu demonstrieren.<\/p>\n<p>Die Polizeiinspektion habe auf den Domplatz gedr\u00e4ngt.<br \/>Und es ist ein Versagen des Landtagspr\u00e4sidenten, der diese Entscheidung im Alleingang getroffen. Der \u00c4ltestenrat hat die Entscheidung teilweise revidiert, so dass die Gedenkstunde des Landtags am Mahnmal f\u00fcr die Sinti:zzi und Rom:nja trotzdem stattfindet.<br \/>Die Rechtsextremen, die versuchen die Bauernproteste zu kapern, werden dieses Versagen feiern. Es ist ein fatales Signal, das jetzt von der Landeshauptstadt Magdeburg ausgeht.<\/p>\n<p>\u201eWehret den Anf\u00e4ngen\u201c gilt nicht nur f\u00fcr die Zivilgesellschaft, sondern auch und vor allem f\u00fcr die Parlamente und die demokratischen Parteien, die sich hierf\u00fcr von ganzem Herzen und mit voller Kraft einsetzen m\u00fcssen. Wir sind entsetzt \u00fcber die Entscheidung des Landtagspr\u00e4sidenten von Sachsen-Anhalt und das Versagen der Versammlungsbeh\u00f6rde, deren Ansiedlung bei der Polizeiinspektion wir seit Jahren kritisieren.<\/p>\n<\/div>\n\t\t\t\t<\/div>\n\t\t\t<\/div>\n\t\t<\/div>\n\t\t\t<div class=\"sow-accordion-panel\"\n\t\t\t data-anchor-id=\"24-01-2024-kundgebung-dem-rechtsruck-widersetzen-solidarit%c3%a4t-statt-ausgrenzung\">\n\t\t\t\t<div class=\"sow-accordion-panel-header-container\" role=\"heading\" aria-level=\"2\">\n\t\t\t\t\t<div class=\"sow-accordion-panel-header\" tabindex=\"0\" role=\"button\" id=\"accordion-label-24-01-2024-kundgebung-dem-rechtsruck-widersetzen-solidarit%c3%a4t-statt-ausgrenzung\" aria-controls=\"accordion-content-24-01-2024-kundgebung-dem-rechtsruck-widersetzen-solidarit%c3%a4t-statt-ausgrenzung\" aria-expanded=\"false\">\n\t\t\t\t\t\t<div class=\"sow-accordion-title sow-accordion-title-icon-left\">\n\t\t\t\t\t\t\t\t\t\t\t\t\t\t24.01.2024: Kundgebung: Dem Rechtsruck widersetzen &#8211; Solidarit\u00e4t statt Ausgrenzung\t\t\t\t\t\t\t\t\t\t\t\t\t<\/div>\n\t\t\t\t\t\t<div class=\"sow-accordion-open-close-button\">\n\t\t\t\t\t\t\t<div class=\"sow-accordion-open-button\">\n\t\t\t\t\t\t\t\t<span class=\"sow-icon-ionicons\" data-sow-icon=\"&#xf218;\"\n\t\t \n\t\taria-hidden=\"true\"><\/span>\t\t\t\t\t\t\t<\/div>\n\t\t\t\t\t\t\t<div class=\"sow-accordion-close-button\">\n\t\t\t\t\t\t\t\t<span class=\"sow-icon-ionicons\" data-sow-icon=\"&#xf209;\"\n\t\t \n\t\taria-hidden=\"true\"><\/span>\t\t\t\t\t\t\t<\/div>\n\t\t\t\t\t\t<\/div>\n\t\t\t\t\t<\/div>\n\t\t\t\t<\/div>\n\n\t\t\t<div\n\t\t\t\tclass=\"sow-accordion-panel-content\"\n\t\t\t\trole=\"region\"\n\t\t\t\taria-labelledby=\"accordion-label-24-01-2024-kundgebung-dem-rechtsruck-widersetzen-solidarit%c3%a4t-statt-ausgrenzung\"\n\t\t\t\tid=\"accordion-content-24-01-2024-kundgebung-dem-rechtsruck-widersetzen-solidarit%c3%a4t-statt-ausgrenzung\"\n\t\t\t\tstyle=\"display: none;\"\t\t\t>\n\t\t\t\t<div class=\"sow-accordion-panel-border\">\n\t\t\t\t\t<p align=\"LEFT\"><img loading=\"lazy\" decoding=\"async\" class=\"size-medium wp-image-920 alignleft\" src=\"http:\/\/solidarisches-magdeburg.org\/wp-content\/uploads\/2024\/01\/Kundgebung-Dem-Rechtsruck-300x300.png\" alt=\"\" width=\"300\" height=\"300\" srcset=\"http:\/\/solidarisches-magdeburg.org\/wp-content\/uploads\/2024\/01\/Kundgebung-Dem-Rechtsruck-300x300.png 300w, http:\/\/solidarisches-magdeburg.org\/wp-content\/uploads\/2024\/01\/Kundgebung-Dem-Rechtsruck-1024x1024.png 1024w, http:\/\/solidarisches-magdeburg.org\/wp-content\/uploads\/2024\/01\/Kundgebung-Dem-Rechtsruck-150x150.png 150w, http:\/\/solidarisches-magdeburg.org\/wp-content\/uploads\/2024\/01\/Kundgebung-Dem-Rechtsruck-768x768.png 768w, http:\/\/solidarisches-magdeburg.org\/wp-content\/uploads\/2024\/01\/Kundgebung-Dem-Rechtsruck-100x100.png 100w, http:\/\/solidarisches-magdeburg.org\/wp-content\/uploads\/2024\/01\/Kundgebung-Dem-Rechtsruck.png 1080w\" sizes=\"auto, (max-width: 300px) 100vw, 300px\" \/><\/p>\n<p align=\"LEFT\"><span style=\"font-family: Liberation Sans, serif\"><b>Aufruf zur Kundgebung am 25. Januar um 12.00 Uhr vor dem Landtag\/ Domplatz 1<\/b><\/span><\/p>\n<p align=\"LEFT\"><span style=\"font-family: Liberation Sans, serif\"><span style=\"font-size: medium\">Die Ver\u00f6ffentlichung der CORRECTIV Recherchen zu einem Geheimtreffen von AfD- und CDU-Politikern der \u201eWerteunion\u201c sowie Rechtsextremen haben zu einer bundesweiten Protestbewegung gegen Rechtsextremismus und die AfD gef\u00fchrt. Der Fraktionsf\u00fchrer der NoAfD im Landtag von Sachsen-Anhalt, Ulrich Siegmund, hat an diesem Treffen teilgenommen. Damit hat er sich eindeutig f\u00fcr das Amt des Vorsitzenden des Sozialausschusses des Landtages disqualifiziert. <\/span><\/span><span style=\"font-family: Liberation Sans, serif\"><span style=\"font-size: medium\"><b>Wir fordern seine sofortige Abwahl!<\/b><\/span><\/span><\/p>\n<p align=\"LEFT\"><span style=\"font-family: Liberation Sans, serif\"><span style=\"font-size: medium\">Wir begr\u00fc\u00dfen es, dass der Landtag von Sachsen-Anhalt an diesem Donnerstag, 25.1.24, auf Antrag der SPD eine aktuelle Debatte \u00fcber die CORRECTIV-Recherchen f\u00fchrt. Wir sind jedoch entsetzt, dass auch die NoAfD eine aktuelle Debatte beantragt hat mit dem Titel \u201eRemigration!\u201c Dies zeigt einmal mehr, dass die NoAfD Landtagsfraktion der parlamentarische Arm der extremen Rechten in Sachsen-Anhalt ist, vernetzt mit Neonazis, der identit\u00e4ren Bewegung und zahlreichen anderen rechten Akteur*innen. Sie nutzt ihre parlamentarischen Rechte um ihre Kampfbegriffe, Konzepte und menschenfeindlichen Politikangebote auch angesichts der bundesweiten Proteste offen zur Schau zu tragen. <\/span><\/span><\/p>\n<p align=\"LEFT\"><span style=\"font-family: Liberation Sans, serif\"><span style=\"font-size: medium\"><b>Wir sagen Nein zu ihrer Hetze und Nein zur Normalisierung faschistischer Politik!<\/b><\/span><\/span><\/p>\n<p align=\"LEFT\"><span style=\"font-family: Liberation Sans, serif\"><span style=\"font-size: medium\">Wir sehen in Magdeburg, wohin dieses Denken und diese Politik f\u00fchren. Am 19. Januar kam es erneut zu einem physischen rassistischen Angriff auf vier migrantisch gelesene Menschen*. Auch unsere Emp\u00f6rung dar\u00fcber wollen wir auf die Stra\u00dfe tragen. Unsere Solidarit\u00e4t gilt den Opfern. Wir lassen uns dadurch nicht verunsichern. <\/span><\/span><\/p>\n<p align=\"LEFT\"><span style=\"font-family: Liberation Sans, serif\"><span style=\"font-size: medium\"><b>Wir stehen zusammen gegen rassistische Gewalt!<\/b><\/span><\/span><\/p>\n<p align=\"LEFT\"><span style=\"font-family: Liberation Sans, serif\"><span style=\"font-size: medium\">Unsere Antwort auf ihre Politik ist Solidarit\u00e4t, Vielfalt und Widerstand. Wir haben am 20.1. mit vielen kreativen Aktionen gezeigt, dass Magdeburg eine weltoffene und vielf\u00e4ltige Stadt ist. Das wollen wir auch am 25.1. vor dem Landtag tun. <\/span><\/span><\/p>\n<p align=\"LEFT\"><span style=\"font-family: Liberation Sans, serif\"><span style=\"font-size: medium\"><b>Unser Motto: SOLIDARIT\u00c4T STATT AUSGRENZUNG! <\/b><\/span><\/span><\/p>\n<p align=\"LEFT\"><span style=\"font-family: Liberation Sans, serif\"><span style=\"font-size: medium\">Unterst\u00fctzt uns! Kommt zur Kundgebung vor dem Landtag!<\/span><\/span><\/p>\n<hr \/>\n<p align=\"LEFT\">* Quelle: <span style=\"font-size: medium\"><span style=\"font-family: Liberation Sans, serif\">Volksstimme vom 22.1.24, S. 7<\/span><\/span><\/p>\n\t\t\t\t<\/div>\n\t\t\t<\/div>\n\t\t<\/div>\n\t\t\t<div class=\"sow-accordion-panel\"\n\t\t\t data-anchor-id=\"21-01-2024-aktionstag-gegen-rechtsextremismus-am-20-01-2024-in-magdeburg\">\n\t\t\t\t<div class=\"sow-accordion-panel-header-container\" role=\"heading\" aria-level=\"2\">\n\t\t\t\t\t<div class=\"sow-accordion-panel-header\" tabindex=\"0\" role=\"button\" id=\"accordion-label-21-01-2024-aktionstag-gegen-rechtsextremismus-am-20-01-2024-in-magdeburg\" aria-controls=\"accordion-content-21-01-2024-aktionstag-gegen-rechtsextremismus-am-20-01-2024-in-magdeburg\" aria-expanded=\"false\">\n\t\t\t\t\t\t<div class=\"sow-accordion-title sow-accordion-title-icon-left\">\n\t\t\t\t\t\t\t\t\t\t\t\t\t\t21.01.2024: Aktionstag gegen Rechtsextremismus am 20.01.2024 in Magdeburg\t\t\t\t\t\t\t\t\t\t\t\t\t<\/div>\n\t\t\t\t\t\t<div class=\"sow-accordion-open-close-button\">\n\t\t\t\t\t\t\t<div class=\"sow-accordion-open-button\">\n\t\t\t\t\t\t\t\t<span class=\"sow-icon-ionicons\" data-sow-icon=\"&#xf218;\"\n\t\t \n\t\taria-hidden=\"true\"><\/span>\t\t\t\t\t\t\t<\/div>\n\t\t\t\t\t\t\t<div class=\"sow-accordion-close-button\">\n\t\t\t\t\t\t\t\t<span class=\"sow-icon-ionicons\" data-sow-icon=\"&#xf209;\"\n\t\t \n\t\taria-hidden=\"true\"><\/span>\t\t\t\t\t\t\t<\/div>\n\t\t\t\t\t\t<\/div>\n\t\t\t\t\t<\/div>\n\t\t\t\t<\/div>\n\n\t\t\t<div\n\t\t\t\tclass=\"sow-accordion-panel-content\"\n\t\t\t\trole=\"region\"\n\t\t\t\taria-labelledby=\"accordion-label-21-01-2024-aktionstag-gegen-rechtsextremismus-am-20-01-2024-in-magdeburg\"\n\t\t\t\tid=\"accordion-content-21-01-2024-aktionstag-gegen-rechtsextremismus-am-20-01-2024-in-magdeburg\"\n\t\t\t\tstyle=\"display: none;\"\t\t\t>\n\t\t\t\t<div class=\"sow-accordion-panel-border\">\n\t\t\t\t\t<p>Tausende Menschen sind am Samstag in Magdeburg gegen die AfD und andere Nazis auf die Stra\u00dfe gegangen. Seit vielen Jahren veranstalteten Neonazis einen geschichtsrevisionistischen \u201eTrauermarsch\u201c anl\u00e4sslich der Bombardierung der Stadt am 16. Januar 1945. Erstmalig seit vielen Jahren fiel dieser Aufmarsch jedoch aus. Das ist auch ein Verdienst der gro\u00dfen Protestaktivit\u00e4ten der Magdeburger Zivilgesellschaft in den letzten Jahren, die auch heute wieder viele verschiedene Protestformate, Aktionen und Kundgebungen in etlichen Stadtteilen auf die Beine stellte.<\/p>\n<p align=\"LEFT\">So gab es die Schulmeile der Schulen mit Courage und ohne Rassismus, eine Kundgebung von Fridays for Future, Stadtteilfeste in Sudenburg, Buckau und am Hasselbachplatz-Bahnhof, einen interrelig\u00f6sen Friedensweg in der Innenstadt und einen Friedensweg in Stadtfeld, Mahnwachen am Nicolaiplatz, vor dem Dom, am Synagogenmahnmal, vor der Johanniskirche und dem Westfriedhof, an der Hauptwache, dem Gewerkschaftshaus und am Bahnhof Eichenweiler,. Insgesamt nahmen ca. 4000 Menschen an den Aktionen teil.<\/p>\n<p align=\"LEFT\">Die Recherchen des Correctiv-Netzwerks zum sogenannten \u201eGeheimtreffen\u201c von AfD-Funktion\u00e4ren, CDU-Mitgliedern der Werteunion und Unternehmern nicht unweit des Hauses der Wannsee-Konferenz in Potsdam trieben zus\u00e4tzlich viele Menschen auf die Stra\u00dfen. Dem Protestzug des REGINA-Kollektivs (Ravende Europ\u00e4er*innen gegen Intoleranz und Nationalismus) schlossen sich ca. 700 Menschen an. An der Gro\u00df-Kundgebung auf dem Domplatz nahmen dann 2.500 Menschen teil. In mehreren Redebeitr\u00e4gen wurde deutlich gemacht, wie gro\u00df die Gefahr f\u00fcr die Demokratie inzwischen geworden ist. Mit lautstarken Sprechch\u00f6ren erteilten Tausende der AfD und ihren faschistischen S\u00e4uberungspl\u00e4nen eine Kampfansage. \u201eAlle zusammen gegen den Faschismus\u201c war es noch im Stadtteil Buckau zu h\u00f6ren.<\/p>\n<p align=\"LEFT\">Der gr\u00f6\u00dfte Appell vieler Rednerinnen und Redner jedoch richtete sich an die Bev\u00f6lkerung. Nur mit einem langen Atem und einer gro\u00dfen Kraftanstrengung, mit vielen guten Ideen und einer breiten Organisierung sei es noch m\u00f6glich, die drohende und reale Gefahr einer Machterlangung durch Faschisten aufzuhalten.\u201c<\/p>\n\t\t\t\t<\/div>\n\t\t\t<\/div>\n\t\t<\/div>\n\t\t\t<div class=\"sow-accordion-panel\"\n\t\t\t data-anchor-id=\"28-07-2023-vielf%c3%a4ltige-protestaktionen-gegen-afd-bundesparteitag-in-magdeburg\">\n\t\t\t\t<div class=\"sow-accordion-panel-header-container\" role=\"heading\" aria-level=\"2\">\n\t\t\t\t\t<div class=\"sow-accordion-panel-header\" tabindex=\"0\" role=\"button\" id=\"accordion-label-28-07-2023-vielf%c3%a4ltige-protestaktionen-gegen-afd-bundesparteitag-in-magdeburg\" aria-controls=\"accordion-content-28-07-2023-vielf%c3%a4ltige-protestaktionen-gegen-afd-bundesparteitag-in-magdeburg\" aria-expanded=\"false\">\n\t\t\t\t\t\t<div class=\"sow-accordion-title sow-accordion-title-icon-left\">\n\t\t\t\t\t\t\t\t\t\t\t\t\t\t28.07.2023: Vielf\u00e4ltige Protestaktionen gegen AFD-Bundesparteitag in Magdeburg\t\t\t\t\t\t\t\t\t\t\t\t\t<\/div>\n\t\t\t\t\t\t<div class=\"sow-accordion-open-close-button\">\n\t\t\t\t\t\t\t<div class=\"sow-accordion-open-button\">\n\t\t\t\t\t\t\t\t<span class=\"sow-icon-ionicons\" data-sow-icon=\"&#xf218;\"\n\t\t \n\t\taria-hidden=\"true\"><\/span>\t\t\t\t\t\t\t<\/div>\n\t\t\t\t\t\t\t<div class=\"sow-accordion-close-button\">\n\t\t\t\t\t\t\t\t<span class=\"sow-icon-ionicons\" data-sow-icon=\"&#xf209;\"\n\t\t \n\t\taria-hidden=\"true\"><\/span>\t\t\t\t\t\t\t<\/div>\n\t\t\t\t\t\t<\/div>\n\t\t\t\t\t<\/div>\n\t\t\t\t<\/div>\n\n\t\t\t<div\n\t\t\t\tclass=\"sow-accordion-panel-content\"\n\t\t\t\trole=\"region\"\n\t\t\t\taria-labelledby=\"accordion-label-28-07-2023-vielf%c3%a4ltige-protestaktionen-gegen-afd-bundesparteitag-in-magdeburg\"\n\t\t\t\tid=\"accordion-content-28-07-2023-vielf%c3%a4ltige-protestaktionen-gegen-afd-bundesparteitag-in-magdeburg\"\n\t\t\t\tstyle=\"display: none;\"\t\t\t>\n\t\t\t\t<div class=\"sow-accordion-panel-border\">\n\t\t\t\t\t<p>Das lokale B\u00fcndnis\u00a0<a href=\"http:\/\/solidarisches-magdeburg.org\/?page_id=250\">Solidarisches Magdeburg<\/a>\u00a0ruft gemeinsam mit anderen zivilgesellschaftlichen Akteur*innen wie dem bundesweiten B\u00fcndnis\u00a0<a href=\"https:\/\/www.aufstehen-gegen-rassismus.de\/\"><em>Aufstehen gegen Rassismus<\/em><\/a>, den\u00a0<a href=\"https:\/\/omasgegenrechts-deutschland.de\/\">OMAS GEGEN RECHTS<\/a>, der\u00a0<a href=\"https:\/\/vvn-bda.de\/\"><em>VVN-BdA<\/em><\/a>, dem Deutschen Gewerkschaftsbund, der DGB-Jugend Sachsen-Anhalt und der DGB-Gewerkschaften einschlie\u00dflich Jugendorganisationen sowie mit\u00a0<em>SPD<\/em>,\u00a0<em>DIE LINKE<\/em>\u00a0und\u00a0<em>B\u00fcndnis 90\/Die Gr\u00fcnen<\/em>\u00a0am\u00a0<strong>28. und 29. Juli<\/strong>\u00a0zu zahlreichen Aktionen gegen den AfD-Bundesparteitag auf.<\/p>\n<p><em>\u201eWir wollen den Delegierten der AfD zeigen, dass sie hier mit ihrer rechten, rassistischen, antisemitischen und ganz und gar menschenverachtenden Politik nicht erw\u00fcnscht sind. Wir stehen f\u00fcr ein weltoffenes Magdeburg, Deutschland und Europa, das den Populismus dieser sich immer weiter faschisierenden Partei nicht unwidersprochen l\u00e4sst und wir laden alle aufrechten Demokrat*innen ein, sich uns anzuschlie\u00dfen.\u201c,<\/em>\u00a0so Dagmar Freyberg-Schumann von den OMAS GEGEN RECHTS.<\/p>\n<p>Am\u00a0<strong>Freitag, den 28. Juli<\/strong>\u00a0findet statt:<\/p>\n<ul>\n<li>ab 08:30 Uhr eine\u00a0<strong>Mahnwache<\/strong>\u00a0der OMAS GEGEN RECHTS vor der Messe in der Tessenowstra\u00dfe, in der die AfD ihren Bundesparteitag abh\u00e4lt<\/li>\n<li>um 15:00 Uhr eine\u00a0<strong>Kundgebung\u00a0<\/strong>der OMAS GEGEN RECHTS zur \u201cunfreundlichen Begr\u00fc\u00dfung\u201d der AfD mit Bannern, Transparenten und Schildern vor der Messe<\/li>\n<\/ul>\n<p>Am\u00a0<strong>Samstag, den 29. Juli<\/strong>\u00a0starten um 12:00 Uhr am Hauptbahnhof Magdeburg:<\/p>\n<ul>\n<li>eine\u00a0<strong>Gro\u00dfdemo als Techno-Rave \u201eNazis wegbassen 2.0<\/strong>\u201c, die durch die Innenstadt zum Jerichower Platz f\u00fchrt. Mit elektronischen Beats, Redebeitr\u00e4gen, Sprechch\u00f6ren und guter Laune soll in einer Art \u201eFest der Lebensfreude und Akzeptanz\u201c dem Hass der AfD entgegen getreten werden<\/li>\n<li>eine\u00a0<strong>zweite, k\u00fcrzere Demonstration<\/strong>\u00a0f\u00fchrt auf direkterem Wege zum Jerichower Platz und ist somit auch f\u00fcr Menschen, die nicht so gut zu Fu\u00df sind, zug\u00e4nglicher.<\/li>\n<li>Um 13:00 Uhr beginnt auf dem Jerichower Platz eine\u00a0<strong>Protestkundgebung mit Open-Air-Konzert<\/strong>, die bis in die sp\u00e4ten Nachmittagsstunden stattfinden wird<\/li>\n<\/ul>\n<p>Die\u00a0<a href=\"http:\/\/solidarisches-magdeburg.org\/?p=384\">Demoroute steht hier<\/a>\u00a0auf der Seite des B\u00fcndnisses.<\/p>\n<p><em>\u201eDie AfD will an diesem Wochenende ihren Kurs und ihre Kandidat*innen f\u00fcr die Europawahl festlegen. Die angeblich \u201eversehentliche\u201c Forderung der Aufl\u00f6sung der EU im Leitantrag der AfD-Bundesprogrammkommission entlarvt wieder mal die demokratiefeindlichen Bestrebungen dieser Partei. Der AfD ist nichts an einem friedlichen Europa und internationaler Zusammenarbeit gelegen, sie verfolgt einen radikalen nationalistischen Kurs, in dem Deutschland immer an erster Stelle stehen soll. Das hatten wir in diesem Land schon einmal und brauchen wir nicht wieder.\u201c,<\/em>\u00a0so der Sprecher*innenkreis des B\u00fcndnisses.<\/p>\n\t\t\t\t<\/div>\n\t\t\t<\/div>\n\t\t<\/div>\n\t\t\t<div class=\"sow-accordion-panel\"\n\t\t\t data-anchor-id=\"25-07-2023-einladung-zur-hybriden-pressekonferenz\">\n\t\t\t\t<div class=\"sow-accordion-panel-header-container\" role=\"heading\" aria-level=\"2\">\n\t\t\t\t\t<div class=\"sow-accordion-panel-header\" tabindex=\"0\" role=\"button\" id=\"accordion-label-25-07-2023-einladung-zur-hybriden-pressekonferenz\" aria-controls=\"accordion-content-25-07-2023-einladung-zur-hybriden-pressekonferenz\" aria-expanded=\"false\">\n\t\t\t\t\t\t<div class=\"sow-accordion-title sow-accordion-title-icon-left\">\n\t\t\t\t\t\t\t\t\t\t\t\t\t\t25.07.2023: Einladung zur hybriden Pressekonferenz\t\t\t\t\t\t\t\t\t\t\t\t\t<\/div>\n\t\t\t\t\t\t<div class=\"sow-accordion-open-close-button\">\n\t\t\t\t\t\t\t<div class=\"sow-accordion-open-button\">\n\t\t\t\t\t\t\t\t<span class=\"sow-icon-ionicons\" data-sow-icon=\"&#xf218;\"\n\t\t \n\t\taria-hidden=\"true\"><\/span>\t\t\t\t\t\t\t<\/div>\n\t\t\t\t\t\t\t<div class=\"sow-accordion-close-button\">\n\t\t\t\t\t\t\t\t<span class=\"sow-icon-ionicons\" data-sow-icon=\"&#xf209;\"\n\t\t \n\t\taria-hidden=\"true\"><\/span>\t\t\t\t\t\t\t<\/div>\n\t\t\t\t\t\t<\/div>\n\t\t\t\t\t<\/div>\n\t\t\t\t<\/div>\n\n\t\t\t<div\n\t\t\t\tclass=\"sow-accordion-panel-content\"\n\t\t\t\trole=\"region\"\n\t\t\t\taria-labelledby=\"accordion-label-25-07-2023-einladung-zur-hybriden-pressekonferenz\"\n\t\t\t\tid=\"accordion-content-25-07-2023-einladung-zur-hybriden-pressekonferenz\"\n\t\t\t\tstyle=\"display: none;\"\t\t\t>\n\t\t\t\t<div class=\"sow-accordion-panel-border\">\n\t\t\t\t\t<p><span lang=\"DE\">Wir laden alle Pressevertreter*innen herzlich zu unserer\u00a0<b>Pressekonferenz<\/b>\u00a0am\u00a0<b>Dienstag, den 25.7. um 10:00 Uhr in der Olvenstedter Stra\u00dfe 66 in den Sitzungsraum des DGB, zweite Etage, in Magdeburg<\/b>\u00a0ein. Wir werden dort die anstehenden Proteste vorstellen und einen \u00dcberblick \u00fcber aktuelle Entwicklungen der AfD geben.<\/span><\/p>\n<p><b><span lang=\"DE\">Wann: 25.7., 10:00 Uhr<\/span><\/b><\/p>\n<p><b><span lang=\"DE\">Wo: Olvenstedter Stra\u00dfe 66, 39108 Magdeburg<\/span><\/b><\/p>\n<p><b><span lang=\"DE\">\u00a0<\/span><\/b><\/p>\n<p><b><span lang=\"DE\">Ablauf:<\/span><\/b><\/p>\n<p><span lang=\"DE\">\u00a0<\/span><\/p>\n<p><span lang=\"DE\">\u2013\u00a0\u00a0\u00a0\u00a0\u00a0\u00a0\u00a0<\/span><span lang=\"DE\">10:00 Uhr Begr\u00fc\u00dfung<\/span><\/p>\n<p><span lang=\"DE\">\u2013\u00a0\u00a0\u00a0\u00a0\u00a0\u00a0\u00a0<\/span><span lang=\"DE\">10:10 Uhr,\u00a0<b>Was ist los mit der AfD?<\/b>\u00a0Einsch\u00e4tzung zu aktuellen Entwicklungen der AfD von Cornelia Kerth, Bundesvorsitzende der VVN-BdA<\/span><\/p>\n<p><span lang=\"DE\">\u2013\u00a0\u00a0\u00a0\u00a0\u00a0\u00a0\u00a0<\/span><span lang=\"DE\">10:25 Uhr,\u00a0<b>Warum sind wir hier?<\/b>\u00a0Zur Notwendigkeit des Protestes gegen die AfD von Dagmar Freyberg-Schumann von den OMAS GEGEN RECHTS<\/span><\/p>\n<p><span lang=\"DE\">\u2013\u00a0\u00a0\u00a0\u00a0\u00a0\u00a0\u00a0<\/span><span lang=\"DE\">10:40 Uhr,\u00a0<b>Was haben wir vor?<\/b>\u00a0Konkretes zu den Aktionen am Wochenende, Jan Renner, Sprecher des B\u00fcndnisses Solidarisches Magdeburg<\/span><\/p>\n<p><span lang=\"DE\">\u00a0<\/span><\/p>\n<p><b><span lang=\"DE\">Wenn Sie nicht vor Ort sind, k\u00f6nnen Sie die Pressekonferenz auch online \u00fcber diesen Zoom-Link verfolgen:<\/span><\/b><\/p>\n<p><span lang=\"DE\">\u00a0<\/span><\/p>\n<p><span lang=\"DE\"><a href=\"https:\/\/us06web.zoom.us\/j\/84906203225?pwd=RFlSRzFFcXBET1pTbzJFVlpVaUpPZz09\">https:\/\/us06web.zoom.us\/j\/84906203225?pwd=RFlSRzFFcXBET1pTbzJFVlpVaUpPZz09<\/a><\/span><\/p>\n<p><span lang=\"DE\">\u00a0<\/span><\/p>\n<p><span lang=\"DE\">Meeting-ID: 849 0620 3225<\/span><\/p>\n<p><span lang=\"DE\">Kenncode: 887296<\/span><\/p>\n<p><span lang=\"DE\">\u00a0<\/span><\/p>\n<p><i><span lang=\"DE\">Wir freuen uns, wenn Sie die Proteste in Ihre Berichterstattung aufnehmen und stehen f\u00fcr R\u00fcckfragen gerne zur Verf\u00fcgung. Daf\u00fcr wenden Sie sich bitte an: Jan Renner, E-Mail: info@solidarisches-magdeburg.org und Hannah Geiger, Tel.: 0178 2785958, E-Mail: presse@vvn-bda.de.<\/span><\/i><\/p>\n\t\t\t\t<\/div>\n\t\t\t<\/div>\n\t\t<\/div>\n\t\t\t<div class=\"sow-accordion-panel\"\n\t\t\t data-anchor-id=\"21-01-2023-nur-noch-eine-tr%c3%bcmmertruppe-nazi-%e2%80%9ctrauermarsch%e2%80%9c-ist-endg%c3%bcltig-geschichte-900-bei-gegen-protesten\">\n\t\t\t\t<div class=\"sow-accordion-panel-header-container\" role=\"heading\" aria-level=\"2\">\n\t\t\t\t\t<div class=\"sow-accordion-panel-header\" tabindex=\"0\" role=\"button\" id=\"accordion-label-21-01-2023-nur-noch-eine-tr%c3%bcmmertruppe-nazi-%e2%80%9ctrauermarsch%e2%80%9c-ist-endg%c3%bcltig-geschichte-900-bei-gegen-protesten\" aria-controls=\"accordion-content-21-01-2023-nur-noch-eine-tr%c3%bcmmertruppe-nazi-%e2%80%9ctrauermarsch%e2%80%9c-ist-endg%c3%bcltig-geschichte-900-bei-gegen-protesten\" aria-expanded=\"false\">\n\t\t\t\t\t\t<div class=\"sow-accordion-title sow-accordion-title-icon-left\">\n\t\t\t\t\t\t\t\t\t\t\t\t\t\t21.01.2023: Nur noch eine Tr\u00fcmmertruppe: Nazi-\u201cTrauermarsch\u201c ist endg\u00fcltig Geschichte. 900 bei Gegen-Protesten\t\t\t\t\t\t\t\t\t\t\t\t\t<\/div>\n\t\t\t\t\t\t<div class=\"sow-accordion-open-close-button\">\n\t\t\t\t\t\t\t<div class=\"sow-accordion-open-button\">\n\t\t\t\t\t\t\t\t<span class=\"sow-icon-ionicons\" data-sow-icon=\"&#xf218;\"\n\t\t \n\t\taria-hidden=\"true\"><\/span>\t\t\t\t\t\t\t<\/div>\n\t\t\t\t\t\t\t<div class=\"sow-accordion-close-button\">\n\t\t\t\t\t\t\t\t<span class=\"sow-icon-ionicons\" data-sow-icon=\"&#xf209;\"\n\t\t \n\t\taria-hidden=\"true\"><\/span>\t\t\t\t\t\t\t<\/div>\n\t\t\t\t\t\t<\/div>\n\t\t\t\t\t<\/div>\n\t\t\t\t<\/div>\n\n\t\t\t<div\n\t\t\t\tclass=\"sow-accordion-panel-content\"\n\t\t\t\trole=\"region\"\n\t\t\t\taria-labelledby=\"accordion-label-21-01-2023-nur-noch-eine-tr%c3%bcmmertruppe-nazi-%e2%80%9ctrauermarsch%e2%80%9c-ist-endg%c3%bcltig-geschichte-900-bei-gegen-protesten\"\n\t\t\t\tid=\"accordion-content-21-01-2023-nur-noch-eine-tr%c3%bcmmertruppe-nazi-%e2%80%9ctrauermarsch%e2%80%9c-ist-endg%c3%bcltig-geschichte-900-bei-gegen-protesten\"\n\t\t\t\tstyle=\"display: none;\"\t\t\t>\n\t\t\t\t<div class=\"sow-accordion-panel-border\">\n\t\t\t\t\t<p><strong>Am 21.1.2023 gab es in Magdeburg eine breite zivilgesellschaftliche Mobilisierung, um den \u00f6ffentlichen Raum vor rechten Aufm\u00e4rschen zu sch\u00fctzen:<\/strong><\/p>\n<p>\u201eFridays for Future\u201c veranstalteten ab 12 Uhr eine Kundgebung mit bis zu 200 Menschen auf dem Willy-Brandt-Platz mit den bekannten Rappern Sechser und Intare von Teuterorekordz, REGINA (Ravende Europ\u00e4er:innen gegen Intoleranz und Nationalismus) spielten zusammen mit dem Escape Kollektiv ab 15 Uhr vor dem Neust\u00e4dter Bahnhof auf mit anschlie\u00dfender Demonstration durch Neustadt und die Innenstadt, der sich bis zu 350 Menschen anschlossen. An den Bahnh\u00f6fen in Sudenburg und Buckau und am Ambrosiusplatz wurden B\u00fcrgerfeste veranstaltet. Es gab Mahnwachen vor der\u00a0 Synagogengemeinde in der Gr\u00f6perstra\u00dfe und dem Synagogen-Denkmal in der Julius-Bremer-Stra\u00dfe, vor dem Dom und auf dem Nicolaiplatz, sowie vor mehreren Bahnh\u00f6fen. <br \/>Nachmittags f\u00fchrte ein \u00d6kumenischer Friedensweg mit 50 Teilnehmer*innen durch die Innenstadt von St. Petri \u00fcber das Synagogen-Denkmal zu St. Sebastian und zum Dom. In Stadtfeld f\u00fchrte ein Friedensweg von der Paulus- zur Matth\u00e4usgemeinde. Am\u00a0 Hasselbachplatz lud die \u201eK\u00fcche f\u00fcr Alle\u201c aus dem Stadtteilladen Tacheles zum gemeinschaftlichen Essen als Ausdruck der Solidarit\u00e4t in Krisenzeiten ein. <br \/>Dies ist nur eine kleine Auswahl von \u00fcber 30 Veranstaltungen der Zivilgesellschaft im gesamten Stadtgebiet. Eine \u00dcbersicht findet sich auf der Homepage des B\u00fcndnisses unter http:\/\/solidarischesmagdeburg.org\/ . <br \/>Insgesamt beteiligten sich etwa 900 Menschen an den Gegenprotesten. Indes ist der fr\u00fchere \u201eTrauermarsch\u201c der Nazis, der noch vor zehn Jahren auf Teilnehmerzahlen von 1.300 kam, auf eine Kleingruppe von maximal 35 Personen geschrumpft. Nur dank eines immensen Polizeiaufgebotes konnte sich die Tr\u00fcmmertruppe vor den Neust\u00e4dter Friedhof begeben, wo sie allerdings vor verschlossenen T\u00fcren standen. Offenbar hatte die Friedhofsverwaltung in weiser<br \/>Voraussicht den Friedhof abgeschlossen \u2013 auch eine Art, \u201eKein Platz f\u00fcr Nazis\u201c zu sagen. Dort entz\u00fcndeten sie, begleitet von lauten Sprechch\u00f6ren von der Gegendemonstration, wenige Fackeln und verbreiteten die bekannte geschichtsrevisionistsch-faschistische Propaganda. Ein Redner agitierte seine 34 anderen \u201eVolksgenossen\u201c (NSDAP-Begriff f\u00fcr Mitglieder) mit Parolen \u00e0 la \u201eNach unserem Sieg: Nie wieder Krieg.\u201c Seit vielen Jahren schrumpft der \u201eTrauermarsch\u201c kontinuierlich. Zu verdanken ist das vor allem dem Engagement der antifaschistischen Zivilgesellschaft, den vielen, vielen Menschen, die seit Jahren Kundgebungen anmelden, Stadtteilfeste organisieren, Aktionen planen, sich notfalls auch mit ihrem K\u00f6rper dem\u00a0 faschistischen Treiben in den Weg setzen. Das B\u00fcndnis Solidarisches<br \/>Magdeburg m\u00f6chte an diesem Tag all diesen Menschen danken.\u00a0 Zusammen haben wir den \u201eTrauermarsch\u201c endg\u00fcltig zur Geschichte gemacht!<\/p>\n\t\t\t\t<\/div>\n\t\t\t<\/div>\n\t\t<\/div>\n\t\t\t<div class=\"sow-accordion-panel\"\n\t\t\t data-anchor-id=\"05-03-2022-hunderte-menschen-demonstrieren-gegen-%e2%80%9cvolksfest%e2%80%9c-der-afd-in-magdeburg\">\n\t\t\t\t<div class=\"sow-accordion-panel-header-container\" role=\"heading\" aria-level=\"2\">\n\t\t\t\t\t<div class=\"sow-accordion-panel-header\" tabindex=\"0\" role=\"button\" id=\"accordion-label-05-03-2022-hunderte-menschen-demonstrieren-gegen-%e2%80%9cvolksfest%e2%80%9c-der-afd-in-magdeburg\" aria-controls=\"accordion-content-05-03-2022-hunderte-menschen-demonstrieren-gegen-%e2%80%9cvolksfest%e2%80%9c-der-afd-in-magdeburg\" aria-expanded=\"false\">\n\t\t\t\t\t\t<div class=\"sow-accordion-title sow-accordion-title-icon-left\">\n\t\t\t\t\t\t\t\t\t\t\t\t\t\t05.03.2022: Hunderte Menschen demonstrieren gegen \u201cVolksfest\u201c der AfD in Magdeburg\t\t\t\t\t\t\t\t\t\t\t\t\t<\/div>\n\t\t\t\t\t\t<div class=\"sow-accordion-open-close-button\">\n\t\t\t\t\t\t\t<div class=\"sow-accordion-open-button\">\n\t\t\t\t\t\t\t\t<span class=\"sow-icon-ionicons\" data-sow-icon=\"&#xf218;\"\n\t\t \n\t\taria-hidden=\"true\"><\/span>\t\t\t\t\t\t\t<\/div>\n\t\t\t\t\t\t\t<div class=\"sow-accordion-close-button\">\n\t\t\t\t\t\t\t\t<span class=\"sow-icon-ionicons\" data-sow-icon=\"&#xf209;\"\n\t\t \n\t\taria-hidden=\"true\"><\/span>\t\t\t\t\t\t\t<\/div>\n\t\t\t\t\t\t<\/div>\n\t\t\t\t\t<\/div>\n\t\t\t\t<\/div>\n\n\t\t\t<div\n\t\t\t\tclass=\"sow-accordion-panel-content\"\n\t\t\t\trole=\"region\"\n\t\t\t\taria-labelledby=\"accordion-label-05-03-2022-hunderte-menschen-demonstrieren-gegen-%e2%80%9cvolksfest%e2%80%9c-der-afd-in-magdeburg\"\n\t\t\t\tid=\"accordion-content-05-03-2022-hunderte-menschen-demonstrieren-gegen-%e2%80%9cvolksfest%e2%80%9c-der-afd-in-magdeburg\"\n\t\t\t\tstyle=\"display: none;\"\t\t\t>\n\t\t\t\t<div class=\"sow-accordion-panel-border\">\n\t\t\t\t\t<p><strong>Mehrere hundert Menschen demonstrierten am Samstag unter dem Motto \u201eSolidarisch durch die Pandemie\u201c in der Magdeburger Innenstadt gegen den bundesweiten Aktionstag der AfD.<\/strong><\/p>\n<p>Mit zwei Kundgebungen am Dom und einer lautstarken Fahrraddemo richteten sich die Teilnehmenden gegen die Verbreitung menschenverachtender Inhalte durch die AfD, die auf dem Domplatz zu einem \u201eVolksfest\u201c mobilisiert hatte. Das B\u00fcndnis \u201eSolidarisches Magdeburg\u201c hatte den Protest gemeinsam mit anderen zivilgesellschaftlichen B\u00fcndnissen organisiert.<br \/>\u201eEs ist ein Skandal, dass die AfD ein Volksfest veranstaltet, w\u00e4hrend in der Ukraine Krieg herrscht. Und dass sie ein Fest mit Kinderbespa\u00dfung machen, um ihre Verschw\u00f6rungserz\u00e4hlungen zu verbreiten und ihre rassistischen und menschenverachtenden Inhalte ins Zentrum Magdeburgs zu tragen\u201c, sagte eine Teilnehmerin der Kundgebung am Domplatz. In ihren Redebeitr\u00e4gen verdeutlichten VertreterInnen der Kirchen, des DGB, der Parteien (SPD, CDU, LINKE und die GR\u00dcNEN) und der zivilgesellschaftlichen B\u00fcndnisse #unteilbar und BgR (B\u00fcndnis gegen Rechts), dass sich die demokratische Mehrheit der Gesellschaft f\u00fcr ein solidarisches Miteinander einsetzt und sich klar abgrenzt vom rechtsextremistischen Gedankengut, das von der AfD propagiert wird. Auch die Martin R\u00fchmann Band spielte lautstark f\u00fcr ein solidarisches Magdeburg.<br \/>Die AfD hatte f\u00fcr den 5. M\u00e4rz zu einem bundesweiten Aktionstag in mindestens acht St\u00e4dten aufgerufen. In Magdeburg trat unter anderem der vom Verfassungsschutz beobachtete Rechtsextreme Bj\u00f6rn H\u00f6cke auf. In den letzten Monaten hatten Vertreterinnen und Vertreter der AfD offen die radikalisierten \u201eCorona-Spazierg\u00e4nge\u201c unterst\u00fctzt und dazu beigetragen, den Rechtsstaat, das \u00f6ffentliche Leben und eine Gesellschaft der Vielfalt zu destabilisieren. Gegen die strategische Verbreitung rechten Gedankenguts, die weit \u00fcber die Corona-Pandemie hinausgeht, setzt sich das B\u00fcndnis \u201eSolidarisches Magdeburg\u201c ein. Seit 2019 tritt es f\u00fcr ein Magdeburg der gelebten Solidarit\u00e4t ein, in dem es keinen Platz mehr f\u00fcr Hass und Hetze, f\u00fcr Rassismus, Antisemitismus, Sexismus und jede andere Form der gruppenbezogenen Menschenfeindlichkeit gibt. Zuletzt organisierte das B\u00fcndnis am 22. Januar stadtweiten Protest gegen den j\u00e4hrlich stattfindenden Nazi-Aufmarsch anl\u00e4sslich der Bombardierung Magdeburgs am 16. Januar 1945.<\/p>\n\t\t\t\t<\/div>\n\t\t\t<\/div>\n\t\t<\/div>\n\t\t\t<div class=\"sow-accordion-panel\"\n\t\t\t data-anchor-id=\"17-01-2022-gemeinsam-und-solidarisch-raus-aus-der-pandemie\">\n\t\t\t\t<div class=\"sow-accordion-panel-header-container\" role=\"heading\" aria-level=\"2\">\n\t\t\t\t\t<div class=\"sow-accordion-panel-header\" tabindex=\"0\" role=\"button\" id=\"accordion-label-17-01-2022-gemeinsam-und-solidarisch-raus-aus-der-pandemie\" aria-controls=\"accordion-content-17-01-2022-gemeinsam-und-solidarisch-raus-aus-der-pandemie\" aria-expanded=\"false\">\n\t\t\t\t\t\t<div class=\"sow-accordion-title sow-accordion-title-icon-left\">\n\t\t\t\t\t\t\t\t\t\t\t\t\t\t17.01.2022: Gemeinsam und solidarisch raus aus der Pandemie\t\t\t\t\t\t\t\t\t\t\t\t\t<\/div>\n\t\t\t\t\t\t<div class=\"sow-accordion-open-close-button\">\n\t\t\t\t\t\t\t<div class=\"sow-accordion-open-button\">\n\t\t\t\t\t\t\t\t<span class=\"sow-icon-ionicons\" data-sow-icon=\"&#xf218;\"\n\t\t \n\t\taria-hidden=\"true\"><\/span>\t\t\t\t\t\t\t<\/div>\n\t\t\t\t\t\t\t<div class=\"sow-accordion-close-button\">\n\t\t\t\t\t\t\t\t<span class=\"sow-icon-ionicons\" data-sow-icon=\"&#xf209;\"\n\t\t \n\t\taria-hidden=\"true\"><\/span>\t\t\t\t\t\t\t<\/div>\n\t\t\t\t\t\t<\/div>\n\t\t\t\t\t<\/div>\n\t\t\t\t<\/div>\n\n\t\t\t<div\n\t\t\t\tclass=\"sow-accordion-panel-content\"\n\t\t\t\trole=\"region\"\n\t\t\t\taria-labelledby=\"accordion-label-17-01-2022-gemeinsam-und-solidarisch-raus-aus-der-pandemie\"\n\t\t\t\tid=\"accordion-content-17-01-2022-gemeinsam-und-solidarisch-raus-aus-der-pandemie\"\n\t\t\t\tstyle=\"display: none;\"\t\t\t>\n\t\t\t\t<div class=\"sow-accordion-panel-border\">\n\t\t\t\t\t<p><strong>Magdeburger B\u00fcndnisse rufen zu einer Kundgebung am 17. Januar auf<\/strong><\/p>\n<p>Das B\u00fcndnis Solidarisches Magdeburg, das B\u00fcndnis gegen Rechts und die Initiative Weltoffenes Magdeburg rufen gemeinsam zu einer Kundgebung am 17. Januar 2022 um 17 Uhr auf dem Alten Markt auf. Sie wollen jener breiten gesellschaftlichen Mehrheit eine Stimme geben, die f\u00fcr Solidarit\u00e4t und Vernunft in Zeiten der Pandemie steht. Unter anderem werden Olympiasiegerin und Weltmeisterin Antje Buschulte, Domprediger i.R. Giselher Quast, Mediziner Dr. Jan H\u00fclsemann und Kabarettist Lars Johansen auf der Kundgebung sprechen.<br \/>Die drei Initiativen reagieren damit auf die seit Wochen stattfindenden \u201eCorona-Proteste\u201c. \u201eUnter den Organisator*innen und Teilnehmenden finden sich Akteure der extremen Rechten, Reichsb\u00fcrger*innen\u201c und radikale Impfgegner*innen. Sie verharmlosen die Pandemie, verbreiten antisemitische Verschw\u00f6rungserz\u00e4hlungen und missachten s\u00e4mtliche Auflagen zum Gesundheitsschutz.\u201c, so die Einsch\u00e4tzung von David Begrich vom B\u00fcndnis gegen Rechts Magdeburg.<br \/>\u201eDie gro\u00dfe Mehrheit der Bev\u00f6lkerung bef\u00fcrwortet die Schutzma\u00dfnahmen und verh\u00e4ltnism\u00e4\u00dfigen Auflagen f\u00fcr das \u00f6ffentliche Leben, um zeitnah aus der Pandemie herauszukommen. Gerade wegen dieser Achtsamkeit und Vernunft, wurde von regelm\u00e4\u00dfigen Aufrufen zu Versammlungen und Kundgebungen abgesehen, um Mitmenschen zu sch\u00fctzen\u201c, erkl\u00e4rte Birgit Bursee von der Initiative Weltoffenes Magdeburg.<br \/>Christiane L\u00e4hnemann vom B\u00fcndnis Solidarisches Magdeburg erg\u00e4nzte: \u201eW\u00e4hrend sich t\u00e4glich Zehntausende Menschen impfen lassen, wurde bisher von Politik und Medien einer lautstarken Gruppe von radikalen Impfgegner*innen eine hohe Aufmerksamkeit beigemessen. Dem wollen wir Stimmen der Vernunft entgegensetzen.\u201c<br \/>Die Kundgebung findet unter Beachtung der g\u00fcltigen Hygienevorschriften statt. Die Teilnehmenden werden gebeten, sich vorab zu testen, auf ausreichend Abstand zu achten und einen Mundschutz zu tragen.<\/p>\n<p>Magdeburg: Gemeinsam und solidarisch durch die Pandemie!<br \/>Als Zeichen f\u00fcr Demokratie und Solidarit\u00e4t in der Krise kann weiterhin auch der gemeinsame Appell der drei B\u00fcndnisse unter <br \/><a href=\"https:\/\/chng.it\/Sj85Pvy6\" target=\"_blank\" rel=\"noreferrer noopener\">https:\/\/chng.it\/Sj85Pvy6 <\/a><br \/>unterzeichnet werden. <br \/>Ziel ist es, mit den Unterschriften die Gegenstimmen zu den Corona-Protesten sichtbar zu machen.<\/p>\n\t\t\t\t<\/div>\n\t\t\t<\/div>\n\t\t<\/div>\n\t\t<\/div>\n<\/div>\n<\/div>\n\n<div\n\t\t\t\n\t\t\tclass=\"so-widget-sow-accordion so-widget-sow-accordion-default-2f2517589641\"\n\t\t\t\n\t\t><div>\n\t<div class=\"sow-accordion\">\n\t\t<\/div>\n<\/div>\n<\/div>\n\n\n<p><\/p>\n\n\n\n<p><\/p>\n\n\n\n<p><br><\/p>\n\n\n\n<p><\/p>\n","protected":false},"excerpt":{"rendered":"<p>Hier sammeln wir Pressebeitr\u00e4ge und ver\u00f6ffentlichen eigene Pressemitteilungen:<\/p>\n","protected":false},"author":1,"featured_media":0,"parent":0,"menu_order":0,"comment_status":"open","ping_status":"closed","template":"","meta":{"footnotes":""},"class_list":["post-43","page","type-page","status-publish","hentry"],"_links":{"self":[{"href":"http:\/\/solidarisches-magdeburg.org\/index.php?rest_route=\/wp\/v2\/pages\/43","targetHints":{"allow":["GET"]}}],"collection":[{"href":"http:\/\/solidarisches-magdeburg.org\/index.php?rest_route=\/wp\/v2\/pages"}],"about":[{"href":"http:\/\/solidarisches-magdeburg.org\/index.php?rest_route=\/wp\/v2\/types\/page"}],"author":[{"embeddable":true,"href":"http:\/\/solidarisches-magdeburg.org\/index.php?rest_route=\/wp\/v2\/users\/1"}],"replies":[{"embeddable":true,"href":"http:\/\/solidarisches-magdeburg.org\/index.php?rest_route=%2Fwp%2Fv2%2Fcomments&post=43"}],"version-history":[{"count":61,"href":"http:\/\/solidarisches-magdeburg.org\/index.php?rest_route=\/wp\/v2\/pages\/43\/revisions"}],"predecessor-version":[{"id":1273,"href":"http:\/\/solidarisches-magdeburg.org\/index.php?rest_route=\/wp\/v2\/pages\/43\/revisions\/1273"}],"wp:attachment":[{"href":"http:\/\/solidarisches-magdeburg.org\/index.php?rest_route=%2Fwp%2Fv2%2Fmedia&parent=43"}],"curies":[{"name":"wp","href":"https:\/\/api.w.org\/{rel}","templated":true}]}}